{"id":4134,"date":"2018-03-14T08:28:24","date_gmt":"2018-03-14T07:28:24","guid":{"rendered":"http:\/\/blog-conny-dethloff.de\/?page_id=4134"},"modified":"2026-04-15T03:32:17","modified_gmt":"2026-04-15T02:32:17","slug":"interviews-und-podcasts","status":"publish","type":"page","link":"https:\/\/blog-conny-dethloff.de\/?page_id=4134","title":{"rendered":"Interviews und Podcasts"},"content":{"rendered":"<table style=\"background-color: #ffffff;\" border=\"2\" width=\"100%\" cellspacing=\"3\" cellpadding=\"2\">\n<tbody>\n<tr>\n<td style=\"text-align: left;\"><strong>Quelle<\/strong><\/td>\n<td style=\"text-align: left;\"><strong>Titel<\/strong><\/td>\n<td style=\"text-align: left;\"><strong>Link<\/strong><\/td>\n<\/tr>\n<tr>\n<td style=\"text-align: left;\">Bachelorarbeit<\/td>\n<td style=\"text-align: left;\">BI der Zukunft (2009)<\/td>\n<td style=\"text-align: center;\"><a href=\"http:\/\/conny-dethloff.de\/mediapool\/78\/781999\/data\/Interview_in_Ton.zip\"><img loading=\"lazy\" decoding=\"async\" class=\"size-full wp-image-2135 aligncenter\" src=\"http:\/\/blog-conny-dethloff.de\/wp-content\/uploads\/2012\/12\/link.png\" alt=\"link\" width=\"16\" height=\"16\" \/><\/a><a href=\"http:\/\/docplayer.org\/1881791-Interview-conny-dethloff-20-07-2009-auszug-einer-audio-aufzeichnung-kurze-darstellung-der-person.html\"><img loading=\"lazy\" decoding=\"async\" class=\"size-full wp-image-2135 aligncenter\" src=\"http:\/\/blog-conny-dethloff.de\/wp-content\/uploads\/2012\/12\/link.png\" alt=\"link\" width=\"16\" height=\"16\" \/><\/a><\/td>\n<\/tr>\n<tr>\n<td style=\"text-align: left;\">Managementradio<\/td>\n<td style=\"text-align: left;\">Change Modeler \u2013 Dynamiken im Change erfassen und modellieren (2009)<\/td>\n<td style=\"text-align: center;\"><a href=\"http:\/\/www.management-radio.de\/?p=4559\"><img loading=\"lazy\" decoding=\"async\" class=\"size-full wp-image-2135 aligncenter\" src=\"http:\/\/blog-conny-dethloff.de\/wp-content\/uploads\/2012\/12\/link.png\" alt=\"link\" width=\"16\" height=\"16\" \/><\/a><\/td>\n<\/tr>\n<tr>\n<td style=\"text-align: left;\">Managementradio<\/td>\n<td style=\"text-align: left;\">Change Management &#8211; kybernetisch (2011)<\/td>\n<td style=\"text-align: center;\"><a href=\"http:\/\/www.management-radio.de\/?p=4295\"><img loading=\"lazy\" decoding=\"async\" class=\"size-full wp-image-2135 aligncenter\" src=\"http:\/\/blog-conny-dethloff.de\/wp-content\/uploads\/2012\/12\/link.png\" alt=\"link\" width=\"16\" height=\"16\" \/><\/a><\/td>\n<\/tr>\n<tr>\n<td style=\"text-align: left;\">Managementradio<\/td>\n<td style=\"text-align: left;\">Change Management &#8211; Am Ball bleiben (2011)<\/td>\n<td style=\"text-align: center;\"><a href=\"http:\/\/www.management-radio.de\/?p=4301\"><img loading=\"lazy\" decoding=\"async\" class=\"size-full wp-image-2135 aligncenter\" src=\"http:\/\/blog-conny-dethloff.de\/wp-content\/uploads\/2012\/12\/link.png\" alt=\"link\" width=\"16\" height=\"16\" \/><\/a><\/td>\n<\/tr>\n<tr>\n<td style=\"text-align: left;\">Bosbach.Mobi<\/td>\n<td style=\"text-align: left;\">ArbeitsVisionen 2025 (2015)<\/td>\n<td style=\"text-align: center;\"><a href=\"http:\/\/bosbach.mobi\/wordpress\/conny-dethloff-senior-manager-business-intelligence-auf-der-reise-des-verstehens\/\"><img loading=\"lazy\" decoding=\"async\" class=\"size-full wp-image-2135 aligncenter\" src=\"http:\/\/blog-conny-dethloff.de\/wp-content\/uploads\/2012\/12\/link.png\" alt=\"link\" width=\"16\" height=\"16\" \/><\/a><\/td>\n<\/tr>\n<tr>\n<td style=\"text-align: left;\">PeX Konferenz<\/td>\n<td style=\"text-align: left;\">Zusammenhang zwischen Big Data und Process Excellence(2014)<\/td>\n<td style=\"text-align: center;\"><a href=\"http:\/\/www.specialoperationssummit.com\/media\/1000205\/38151.pdf\"><img loading=\"lazy\" decoding=\"async\" class=\"size-full wp-image-2135 aligncenter\" src=\"http:\/\/blog-conny-dethloff.de\/wp-content\/uploads\/2012\/12\/link.png\" alt=\"link\" width=\"16\" height=\"16\" \/><\/a><\/td>\n<\/tr>\n<tr>\n<td style=\"text-align: left;\">Konferenz &#8220;Die digitale Zukunft der Supply Chain&#8221;<\/td>\n<td style=\"text-align: left;\">Business Intelligence und die digitale Reise von OTTO (2016)<\/td>\n<td style=\"text-align: center;\"><a href=\"http:\/\/blog-conny-dethloff.de\/wp-content\/uploads\/2012\/12\/Artikel_Supply-Chain_VFL.pdf\"><img loading=\"lazy\" decoding=\"async\" class=\"size-full wp-image-2135 aligncenter\" src=\"http:\/\/blog-conny-dethloff.de\/wp-content\/uploads\/2012\/12\/link.png\" alt=\"link\" width=\"16\" height=\"16\" \/><\/a><\/td>\n<\/tr>\n<tr>\n<td style=\"text-align: left;\">Konferenz &#8220;Lean around the clock&#8221;<\/td>\n<td style=\"text-align: left;\">Agile is out, Viable is in (2016)<\/td>\n<td style=\"text-align: center;\"><a href=\"http:\/\/www.management-radio.de\/?p=13028\"><img loading=\"lazy\" decoding=\"async\" class=\"size-full wp-image-2135 aligncenter\" src=\"http:\/\/blog-conny-dethloff.de\/wp-content\/uploads\/2012\/12\/link.png\" alt=\"link\" width=\"16\" height=\"16\" \/><\/a><\/td>\n<\/tr>\n<tr>\n<td style=\"text-align: left;\">Steady News<\/td>\n<td style=\"text-align: left;\">\u00dcber Agilit\u00e4t und k\u00fcnstliche Intelligenz (2016)<\/td>\n<td style=\"text-align: center;\"><a href=\"http:\/\/steadynews.de\/fuehrung\/conny-dethloff-bi-management-otto-ueber-agilitaet-und-kuenstliche-intelligenz\"><img loading=\"lazy\" decoding=\"async\" class=\"size-full wp-image-2135 aligncenter\" src=\"http:\/\/blog-conny-dethloff.de\/wp-content\/uploads\/2012\/12\/link.png\" alt=\"link\" width=\"16\" height=\"16\" \/><\/a><\/td>\n<\/tr>\n<tr>\n<td style=\"text-align: left;\">Digihuman.org<\/td>\n<td style=\"text-align: left;\">\u00dcber Digitalisierung und die Entfremdung der Menschen (2017)<\/td>\n<td style=\"text-align: center;\"><a href=\"https:\/\/digihuman.org\/2017\/02\/08\/laesst-man-das-umperfekte-nicht-mehr-zu-reduzieren-wir-uns-auf-maschinen\/\"><img loading=\"lazy\" decoding=\"async\" class=\"size-full wp-image-2135 aligncenter\" src=\"http:\/\/blog-conny-dethloff.de\/wp-content\/uploads\/2012\/12\/link.png\" alt=\"link\" width=\"16\" height=\"16\" \/><\/a><a href=\"https:\/\/digihuman.org\/2017\/02\/10\/gross-denken-klein-anfangen\/\"><img loading=\"lazy\" decoding=\"async\" class=\"size-full wp-image-2135 aligncenter\" src=\"http:\/\/blog-conny-dethloff.de\/wp-content\/uploads\/2012\/12\/link.png\" alt=\"link\" width=\"16\" height=\"16\" \/><\/a><\/td>\n<\/tr>\n<tr>\n<td style=\"text-align: left;\">Tiba Managementberatung<\/td>\n<td style=\"text-align: left;\">\u00dcber Digitalisierung und Projekte (2017)<\/td>\n<td style=\"text-align: center;\"><a href=\"https:\/\/tibapassion.wordpress.com\/2017\/02\/17\/der-digitale-wandel-bei-otto-und-das-ende-klassischer-projekte\/\"><img loading=\"lazy\" decoding=\"async\" class=\"size-full wp-image-2135 aligncenter\" src=\"http:\/\/blog-conny-dethloff.de\/wp-content\/uploads\/2012\/12\/link.png\" alt=\"link\" width=\"16\" height=\"16\" \/><\/a><\/td>\n<\/tr>\n<tr>\n<td style=\"text-align: left;\">Die Gelassenheitsformel<\/td>\n<td style=\"text-align: left;\">Auf der Reise in eine neue Arbeitswelt (2017)<\/td>\n<td style=\"text-align: center;\"><a href=\"http:\/\/gelassenheitsformel.com\/im-gespraech-mit-conny-dethloff\/\"><img loading=\"lazy\" decoding=\"async\" class=\"size-full wp-image-2135 aligncenter\" src=\"http:\/\/blog-conny-dethloff.de\/wp-content\/uploads\/2012\/12\/link.png\" alt=\"link\" width=\"16\" height=\"16\" \/><\/a><\/td>\n<\/tr>\n<tr>\n<td style=\"text-align: left;\">Different Thinking<\/td>\n<td style=\"text-align: left;\">Rund um Methodizismus, Fehlerkultur und Agilit\u00e4t (2017)<\/td>\n<td style=\"text-align: center;\"><a href=\"https:\/\/different-thinking.de\/conny-dethloff-methoden\/\"><img loading=\"lazy\" decoding=\"async\" class=\"size-full wp-image-2135 aligncenter\" src=\"http:\/\/blog-conny-dethloff.de\/wp-content\/uploads\/2012\/12\/link.png\" alt=\"link\" width=\"16\" height=\"16\" \/><\/a><\/td>\n<\/tr>\n<tr>\n<td style=\"text-align: left;\">Organisationsrebellen<\/td>\n<td style=\"text-align: left;\">Rund um den Kulturwandel bei OTTO im Kontext von Kybernetik und Systemtheorie (2017)<\/td>\n<td style=\"text-align: center;\"><a href=\"https:\/\/vision.haufe.de\/blog\/organisationsrebellen-6-kulturwandel-4-0-bei-otto-mit-systemischem-denken-aus-der-buzzword-falle\/\"><img loading=\"lazy\" decoding=\"async\" class=\"size-full wp-image-2135 aligncenter\" src=\"http:\/\/blog-conny-dethloff.de\/wp-content\/uploads\/2012\/12\/link.png\" alt=\"link\" width=\"16\" height=\"16\" \/><\/a><\/td>\n<\/tr>\n<tr>\n<td style=\"text-align: left;\">Janine fragt nach<\/td>\n<td style=\"text-align: left;\">Ich berichte \u00fcber meine Reise des Verstehens (2017)<\/td>\n<td style=\"text-align: center;\"><a href=\"https:\/\/www.lean-knowledge-base.de\/janinefragtnach-im-talk-mit-conny-dethloff\/\"><img loading=\"lazy\" decoding=\"async\" class=\"size-full wp-image-2135 aligncenter\" src=\"http:\/\/blog-conny-dethloff.de\/wp-content\/uploads\/2012\/12\/link.png\" alt=\"link\" width=\"16\" height=\"16\" \/><\/a><\/td>\n<\/tr>\n<tr>\n<td style=\"text-align: left;\">Ausblick auf die #NEO17x<\/td>\n<td style=\"text-align: left;\">K\u00fcnstliche Intelligenz und die Trivialisierung des Menschen (2017)<\/td>\n<td style=\"text-align: center;\"><a href=\"https:\/\/ichsagmal.com\/2017\/11\/02\/kuenstliche-intelligenz-und-die-trivialisierung-des-menschen-ausblick-auf-die-neo17x-session-von-condet020274\/\"><img loading=\"lazy\" decoding=\"async\" class=\"size-full wp-image-2135 aligncenter\" src=\"http:\/\/blog-conny-dethloff.de\/wp-content\/uploads\/2012\/12\/link.png\" alt=\"link\" width=\"16\" height=\"16\" \/><\/a><\/td>\n<\/tr>\n<tr>\n<td style=\"text-align: left;\">Konferenz &#8220;Lean around the clock 2018&#8221;<\/td>\n<td style=\"text-align: left;\">Lean? Agil? &#8211; Einfach machen hoch 2 (2017)<\/td>\n<td style=\"text-align: center;\"><a href=\"http:\/\/www.management-radio.de\/conny-dethloff-lean-agil-einfach-machen\/\"><img loading=\"lazy\" decoding=\"async\" class=\"size-full wp-image-2135 aligncenter\" src=\"http:\/\/blog-conny-dethloff.de\/wp-content\/uploads\/2012\/12\/link.png\" alt=\"link\" width=\"16\" height=\"16\" \/><\/a><\/td>\n<\/tr>\n<tr>\n<td style=\"text-align: left;\">Mutausbr\u00fcche<\/td>\n<td style=\"text-align: left;\">Ohne Mut kein Wandel (2017)<\/td>\n<td style=\"text-align: center;\"><a href=\"http:\/\/mut-ausbr\u00fcche.de\/mut-mutausbrueche\/\"><img loading=\"lazy\" decoding=\"async\" class=\"size-full wp-image-2135 aligncenter\" src=\"http:\/\/blog-conny-dethloff.de\/wp-content\/uploads\/2012\/12\/link.png\" alt=\"link\" width=\"16\" height=\"16\" \/><\/a><\/td>\n<\/tr>\n<tr>\n<td style=\"text-align: left;\">Der Probleml\u00f6ser-Blog von Georg Jocham<\/td>\n<td style=\"text-align: left;\">APL 115: Werden Maschinen uns Menschen irgendwann ersetzen k\u00f6nnen? Im Gespr\u00e4ch mit Conny Dethloff (2018)<\/td>\n<td style=\"text-align: center;\"><a href=\"https:\/\/www.georgjocham.com\/apl-115-werden-maschinen-uns-menschen-irgendwann-ersetzen-koennen-im-gespraech-mit-conny-dethloff-teil1\/\"><img loading=\"lazy\" decoding=\"async\" class=\"size-full wp-image-2135 aligncenter\" src=\"http:\/\/blog-conny-dethloff.de\/wp-content\/uploads\/2012\/12\/link.png\" alt=\"link\" width=\"16\" height=\"16\" \/><\/a><a href=\"https:\/\/www.georgjocham.com\/apl-116-welche-faehigkeiten-braucht-ein-agiles-unternehmen-im-gespraech-mit-conny-dethloff-teil2\/\"><img loading=\"lazy\" decoding=\"async\" class=\"size-full wp-image-2135 aligncenter\" src=\"http:\/\/blog-conny-dethloff.de\/wp-content\/uploads\/2012\/12\/link.png\" alt=\"link\" width=\"16\" height=\"16\" \/><\/a><\/td>\n<\/tr>\n<tr>\n<td style=\"text-align: left;\">Der Bessen Talk<\/td>\n<td style=\"text-align: left;\">019 \u2013 Conny Dethloff \u00fcber Br\u00fcckenbauer, fehlende Rollenprofile und das Suchen von Menschen (2018)<\/td>\n<td style=\"text-align: center;\"><a href=\"https:\/\/www.bessen-chain.de\/podcast\/019-conny-dethloff-ueber-brueckenbauer-fehlende-rollenprofile-und-das-suchen-von-menschen\/\"><img loading=\"lazy\" decoding=\"async\" class=\"size-full wp-image-2135 aligncenter\" src=\"http:\/\/blog-conny-dethloff.de\/wp-content\/uploads\/2012\/12\/link.png\" alt=\"link\" width=\"16\" height=\"16\" \/><\/a><\/td>\n<\/tr>\n<tr>\n<td style=\"text-align: left;\">Firmenfunk Podcast<\/td>\n<td style=\"text-align: left;\">Disruptive Organisationsver\u00e4nderung (2018)<\/td>\n<td style=\"text-align: center;\"><a href=\"https:\/\/firmenfunk.com\/ff025-disruptive-organisationsveraenderung\/\"><img loading=\"lazy\" decoding=\"async\" class=\"size-full wp-image-2135 aligncenter\" src=\"http:\/\/blog-conny-dethloff.de\/wp-content\/uploads\/2012\/12\/link.png\" alt=\"link\" width=\"16\" height=\"16\" \/><\/a><\/td>\n<\/tr>\n<tr>\n<td style=\"text-align: left;\">intrinsify Podcast<\/td>\n<td style=\"text-align: left;\">F\u00fchrung und Digitalisierung im Konzern (2018)<\/td>\n<td style=\"text-align: center;\"><a href=\"https:\/\/intrinsify.de\/fuehrung-und-digitalisierung-im-konzern\/\"><img loading=\"lazy\" decoding=\"async\" class=\"size-full wp-image-2135 aligncenter\" src=\"http:\/\/blog-conny-dethloff.de\/wp-content\/uploads\/2012\/12\/link.png\" alt=\"link\" width=\"16\" height=\"16\" \/><\/a><\/td>\n<\/tr>\n<tr>\n<td style=\"text-align: left;\">Athenas Speakerportal &#8211; Interview<\/td>\n<td style=\"text-align: left;\">Erfahrungen mit und Sicht auf Business Intelligence (2018)<\/td>\n<td style=\"text-align: center;\"><a href=\"https:\/\/www.athenas.de\/inspiration\/interview-mit-conny-dethloff\/\"><img loading=\"lazy\" decoding=\"async\" class=\"size-full wp-image-2135 aligncenter\" src=\"http:\/\/blog-conny-dethloff.de\/wp-content\/uploads\/2012\/12\/link.png\" alt=\"link\" width=\"16\" height=\"16\" \/><\/a><\/td>\n<\/tr>\n<tr>\n<td style=\"text-align: left;\">Best Practice Day &#8211; Interview<\/td>\n<td style=\"text-align: left;\">Was ist Agil und Lean? (2018)<\/td>\n<td style=\"text-align: center;\"><a href=\"https:\/\/youtu.be\/h7qkueM9HAw\"><img loading=\"lazy\" decoding=\"async\" class=\"size-full wp-image-2135 aligncenter\" src=\"http:\/\/blog-conny-dethloff.de\/wp-content\/uploads\/2012\/12\/link.png\" alt=\"link\" width=\"16\" height=\"16\" \/><\/a><\/td>\n<\/tr>\n<tr>\n<td style=\"text-align: left;\">Interview PM Camp Berlin 2018<\/td>\n<td style=\"text-align: left;\">Zu meinem Impulsvortrag auf dem PM Camp in Berlin (2018)<\/td>\n<td style=\"text-align: center;\"><a href=\"http:\/\/berlin.pm-camp.org\/2018\/08\/20\/impulsgeber-conny-dethloff-im-interview\/\"><img loading=\"lazy\" decoding=\"async\" class=\"size-full wp-image-2135 aligncenter\" src=\"http:\/\/blog-conny-dethloff.de\/wp-content\/uploads\/2012\/12\/link.png\" alt=\"link\" width=\"16\" height=\"16\" \/><\/a><a href=\"http:\/\/www.management-radio.de\/conny-dethloff-otto-im-wandel\/\"><img loading=\"lazy\" decoding=\"async\" class=\"size-full wp-image-2135 aligncenter\" src=\"http:\/\/blog-conny-dethloff.de\/wp-content\/uploads\/2012\/12\/link.png\" alt=\"link\" width=\"16\" height=\"16\" \/><\/a><\/td>\n<\/tr>\n<tr>\n<td style=\"text-align: left;\">New Work Chat<\/td>\n<td style=\"text-align: left;\">Interview mit Conny Dethloff aka der Kulturwandelbeschleuniger (2018)<\/td>\n<td style=\"text-align: center;\"><a href=\"https:\/\/gabrielrath.com\/2018\/11\/28\/new-work-chat-3-mit-conny-dethloff-aka-der-kulturwandelbeschleuniger\/\"><img loading=\"lazy\" decoding=\"async\" class=\"size-full wp-image-2135 aligncenter\" src=\"http:\/\/blog-conny-dethloff.de\/wp-content\/uploads\/2012\/12\/link.png\" alt=\"link\" width=\"16\" height=\"16\" \/><\/a><\/td>\n<\/tr>\n<tr>\n<td style=\"text-align: left;\">Arbeitsphilosophen Podcast<\/td>\n<td style=\"text-align: left;\">F\u00fchrung ist Kunst (2018)<\/td>\n<td style=\"text-align: center;\"><a href=\"https:\/\/arbeitsphilosophen.podigee.io\/29-neue-episode\"><img loading=\"lazy\" decoding=\"async\" class=\"size-full wp-image-2135 aligncenter\" src=\"http:\/\/blog-conny-dethloff.de\/wp-content\/uploads\/2012\/12\/link.png\" alt=\"link\" width=\"16\" height=\"16\" \/><\/a><\/td>\n<\/tr>\n<tr>\n<td style=\"text-align: left;\">Judith Andresen Podcast<\/td>\n<td style=\"text-align: left;\">Transition und Demut (2019)<\/td>\n<td style=\"text-align: center;\"><a href=\"https:\/\/www.judithandresen.com\/2019\/07\/18\/bja016-demut\/\"><img loading=\"lazy\" decoding=\"async\" class=\"size-full wp-image-2135 aligncenter\" src=\"http:\/\/blog-conny-dethloff.de\/wp-content\/uploads\/2012\/12\/link.png\" alt=\"link\" width=\"16\" height=\"16\" \/><\/a><\/td>\n<\/tr>\n<tr>\n<td style=\"text-align: left;\">GPM &#8211; Deutsche Gesellschaft f\u00fcr Projektmanagement<\/td>\n<td style=\"text-align: left;\">Welche Rolle spielt der Mensch im Kulturwandel? (2019)<\/td>\n<td style=\"text-align: center;\"><a href=\"https:\/\/www.gpm-blog.de\/welche-rolle-spielt-der-mensch-im-kulturwandel-im-interview-mit-conny-dethloff\/\"><img loading=\"lazy\" decoding=\"async\" class=\"size-full wp-image-2135 aligncenter\" src=\"http:\/\/blog-conny-dethloff.de\/wp-content\/uploads\/2012\/12\/link.png\" alt=\"link\" width=\"16\" height=\"16\" \/><\/a><\/td>\n<\/tr>\n<tr>\n<td style=\"text-align: left;\">Product Owner Camp 2019 in Frankfurt<\/td>\n<td style=\"text-align: left;\">3 Fragen zu meiner Keynote: Mehr Mensch (2019)<\/td>\n<td style=\"text-align: center;\"><a href=\"https:\/\/productowner.camp\/blog\/750-interview-conny-dethloff.html\"><img loading=\"lazy\" decoding=\"async\" class=\"size-full wp-image-2135 aligncenter\" src=\"http:\/\/blog-conny-dethloff.de\/wp-content\/uploads\/2012\/12\/link.png\" alt=\"link\" width=\"16\" height=\"16\" \/><\/a><\/td>\n<\/tr>\n<tr>\n<td style=\"text-align: left;\">Our Jobs to be done<\/td>\n<td style=\"text-align: left;\">Diversity: Menschen zuwenden (2019)<\/td>\n<td style=\"text-align: center;\"><a href=\"https:\/\/podcast10f784.podigee.io\/22-22-neue-episode\"><img loading=\"lazy\" decoding=\"async\" class=\"size-full wp-image-2135 aligncenter\" src=\"http:\/\/blog-conny-dethloff.de\/wp-content\/uploads\/2012\/12\/link.png\" alt=\"link\" width=\"16\" height=\"16\" \/><\/a><\/td>\n<\/tr>\n<tr>\n<td style=\"text-align: left;\">Dialogserie zu ROI of Diversity<\/td>\n<td style=\"text-align: left;\">Dialog zum Thema Mensch sein (2019)<\/td>\n<td style=\"text-align: center;\"><a href=\"https:\/\/vimeo.com\/358107145\"><img loading=\"lazy\" decoding=\"async\" class=\"size-full wp-image-2135 aligncenter\" src=\"http:\/\/blog-conny-dethloff.de\/wp-content\/uploads\/2012\/12\/link.png\" alt=\"link\" width=\"16\" height=\"16\" \/><\/a><\/td>\n<\/tr>\n<tr>\n<td style=\"text-align: left;\">Scopeunity Day 2019<\/td>\n<td style=\"text-align: left;\">Interview zu #ki und #newwork (2019)<\/td>\n<td style=\"text-align: center;\"><a href=\"https:\/\/public.teamwork.scopevisio.com\/cb66f6e6-17ba-479c-a7d2-ef1c49eda2c6\"><img loading=\"lazy\" decoding=\"async\" class=\"size-full wp-image-2135 aligncenter\" src=\"http:\/\/blog-conny-dethloff.de\/wp-content\/uploads\/2012\/12\/link.png\" alt=\"link\" width=\"16\" height=\"16\" \/><\/a><\/td>\n<\/tr>\n<tr>\n<td style=\"text-align: left;\">Superkinetics: A podcast by Workpath<\/td>\n<td style=\"text-align: left;\">Freiheit und Verantwortung in agilen Netzwerkorganisationen (2019)<\/td>\n<td style=\"text-align: center;\"><a href=\"https:\/\/anchor.fm\/workpath\/episodes\/002-Conny-Dethloff---OTTO-Group-Freiheit-und-Verantwortung-in-agilen-Netzwerkorganisationen-e7rmog\"><img loading=\"lazy\" decoding=\"async\" class=\"size-full wp-image-2135 aligncenter\" src=\"http:\/\/blog-conny-dethloff.de\/wp-content\/uploads\/2012\/12\/link.png\" alt=\"link\" width=\"16\" height=\"16\" \/><\/a><\/td>\n<\/tr>\n<tr>\n<td style=\"text-align: left;\">Podcast &#8220;Digital Innovation&#8221; von Artur Schefer<\/td>\n<td style=\"text-align: left;\">\u00dcber digitale Transformation, Agilit\u00e4t und neue F\u00fchrungsstrukturen (2020)<\/td>\n<td style=\"text-align: center;\"><a href=\"https:\/\/podcasts.apple.com\/de\/podcast\/044-teil-1-%C3%BCber-digitale-transformation-agilit%C3%A4t-und\/id1467007389?i=1000463054666&#038;l=en\"><img loading=\"lazy\" decoding=\"async\" class=\"size-full wp-image-2135 aligncenter\" src=\"http:\/\/blog-conny-dethloff.de\/wp-content\/uploads\/2012\/12\/link.png\" alt=\"link\" width=\"16\" height=\"16\" \/><\/a><a href=\"https:\/\/podcasts.apple.com\/de\/podcast\/045-teil-2-%C3%BCber-digitale-transformation-agilit%C3%A4t-und\/id1467007389?i=1000463054667&#038;l=en\"><img loading=\"lazy\" decoding=\"async\" class=\"size-full wp-image-2135 aligncenter\" src=\"http:\/\/blog-conny-dethloff.de\/wp-content\/uploads\/2012\/12\/link.png\" alt=\"link\" width=\"16\" height=\"16\" \/><\/a><\/td>\n<\/tr>\n<tr>\n<td style=\"text-align: left;\">Organeo Antipattern Podcast<\/td>\n<td style=\"text-align: left;\">Anti-Pattern: What the Pupose? (2020)<\/td>\n<td style=\"text-align: center;\"><a href=\"https:\/\/hubhopper.com\/episode\/009-anti-pattern-what-the-purpose-1579972453\"><img loading=\"lazy\" decoding=\"async\" class=\"size-full wp-image-2135 aligncenter\" src=\"http:\/\/blog-conny-dethloff.de\/wp-content\/uploads\/2012\/12\/link.png\" alt=\"link\" width=\"16\" height=\"16\" \/><\/a><\/td>\n<\/tr>\n<tr>\n<td style=\"text-align: left;\">Podcast &#8220;Brilliant Management&#8221;<\/td>\n<td style=\"text-align: left;\">Mindset oder Methodenkompetenz &#8211; Darauf kommt es im Change wirklich an (2020)<\/td>\n<td style=\"text-align: center;\"><a href=\"https:\/\/brilliantmanagement.podigee.io\/37-conny-dethloff\"><img loading=\"lazy\" decoding=\"async\" class=\"size-full wp-image-2135 aligncenter\" src=\"http:\/\/blog-conny-dethloff.de\/wp-content\/uploads\/2012\/12\/link.png\" alt=\"link\" width=\"16\" height=\"16\" \/><\/a><a href=\"https:\/\/brilliantmanagement.podigee.io\/38-conny-dethloff-praxisimpulse\"><img loading=\"lazy\" decoding=\"async\" class=\"size-full wp-image-2135 aligncenter\" src=\"http:\/\/blog-conny-dethloff.de\/wp-content\/uploads\/2012\/12\/link.png\" alt=\"link\" width=\"16\" height=\"16\" \/><\/a><\/td>\n<\/tr>\n<tr>\n<td style=\"text-align: left;\">Humiq: Podcast GOOD WORK<\/td>\n<td style=\"text-align: left;\">Episode 38: Dialog zu F\u00fchrung in Krisenzeiten (2020)<\/td>\n<td style=\"text-align: center;\"><a href=\"https:\/\/goodwork.podigee.io\/38-neue-episode\"><img loading=\"lazy\" decoding=\"async\" class=\"size-full wp-image-2135 aligncenter\" src=\"http:\/\/blog-conny-dethloff.de\/wp-content\/uploads\/2012\/12\/link.png\" alt=\"link\" width=\"16\" height=\"16\" \/><\/a><\/td>\n<\/tr>\n<tr>\n<td style=\"text-align: left;\">Talk mit Ralf<\/td>\n<td style=\"text-align: left;\">Dialog zu F\u00fchrung in Krisenzeiten (2020)<\/td>\n<td style=\"text-align: center;\"><a href=\"https:\/\/leanbase.de\/publishing\/leanmagazin\/conny-dethloff-im-talk-mit-ralf\"><img loading=\"lazy\" decoding=\"async\" class=\"size-full wp-image-2135 aligncenter\" src=\"http:\/\/blog-conny-dethloff.de\/wp-content\/uploads\/2012\/12\/link.png\" alt=\"link\" width=\"16\" height=\"16\" \/><\/a><\/td>\n<\/tr>\n<tr>\n<td style=\"text-align: left;\">Ministry Group &#8211; CoffeeBreak<\/td>\n<td style=\"text-align: left;\">Entscheiden (2020)<\/td>\n<td style=\"text-align: center;\"><a href=\"https:\/\/youtu.be\/dgAWgfJOBoo\"><img loading=\"lazy\" decoding=\"async\" class=\"size-full wp-image-2135 aligncenter\" src=\"http:\/\/blog-conny-dethloff.de\/wp-content\/uploads\/2012\/12\/link.png\" alt=\"link\" width=\"16\" height=\"16\" \/><\/a><a href=\"https:\/\/youtu.be\/TQe8xdxtpDE\"><img loading=\"lazy\" decoding=\"async\" class=\"size-full wp-image-2135 aligncenter\" src=\"http:\/\/blog-conny-dethloff.de\/wp-content\/uploads\/2012\/12\/link.png\" alt=\"link\" width=\"16\" height=\"16\" \/><\/a><\/td>\n<\/tr>\n<tr>\n<td style=\"text-align: left;\">LeanStammtisch Mannheim<\/td>\n<td style=\"text-align: left;\">Lean vs. Agile (2020)<\/td>\n<td style=\"text-align: center;\"><a href=\"https:\/\/leanbase.de\/publishing\/leanmagazin\/lean-vs-agil-livestream-vom-leanstammtisch-mannhei\"><img loading=\"lazy\" decoding=\"async\" class=\"size-full wp-image-2135 aligncenter\" src=\"http:\/\/blog-conny-dethloff.de\/wp-content\/uploads\/2012\/12\/link.png\" alt=\"link\" width=\"16\" height=\"16\" \/><\/a><\/td>\n<\/tr>\n<tr>\n<td style=\"text-align: left;\">Kurswechsel Podcast<\/td>\n<td style=\"text-align: left;\">Unternehmen neu denken \u2013 im Gespr\u00e4ch mit Conny Dethloff (2020)<\/td>\n<td style=\"text-align: center;\"><a href=\"https:\/\/kurswexl.de\/podcast\/073-unternehmen-neu-denken-im-gespraech-mit-conny-dethloff\/\"><img loading=\"lazy\" decoding=\"async\" class=\"size-full wp-image-2135 aligncenter\" src=\"http:\/\/blog-conny-dethloff.de\/wp-content\/uploads\/2012\/12\/link.png\" alt=\"link\" width=\"16\" height=\"16\" \/><\/a><\/td>\n<\/tr>\n<tr>\n<td style=\"text-align: left;\">ICH WIR ALLE Podcast<\/td>\n<td style=\"text-align: left;\">New Work nach Frithjof Bergmann &#8211; Deine Existenz steht auf dem Spiel! (2020)<\/td>\n<td style=\"text-align: center;\"><a href=\"https:\/\/ich-wir-alle.com\/alle-folgen\/details\/40-folge-podcast-conny-dethloff-gebhard-borck-new-work-nach-frithjof-bergmann-deine-existenz-steht-auf-dem-spiel\"><img loading=\"lazy\" decoding=\"async\" class=\"size-full wp-image-2135 aligncenter\" src=\"http:\/\/blog-conny-dethloff.de\/wp-content\/uploads\/2012\/12\/link.png\" alt=\"link\" width=\"16\" height=\"16\" \/><\/a><\/td>\n<\/tr>\n<tr>\n<td style=\"text-align: left;\">New Work Works Podcast<\/td>\n<td style=\"text-align: left;\">Interview mit Conny Dethloff (2020)<\/td>\n<td style=\"text-align: center;\"><a href=\"https:\/\/soundcloud.com\/humanfy\/12-interview-mit-conny-dethloff-otto-group\"><img loading=\"lazy\" decoding=\"async\" class=\"size-full wp-image-2135 aligncenter\" src=\"http:\/\/blog-conny-dethloff.de\/wp-content\/uploads\/2012\/12\/link.png\" alt=\"link\" width=\"16\" height=\"16\" \/><\/a><\/td>\n<\/tr>\n<tr>\n<td style=\"text-align: left;\">Change starts now Podcast<\/td>\n<td style=\"text-align: left;\">Interview zu F\u00fchren in Zeiten der Ver\u00e4nderung (2020)<\/td>\n<td style=\"text-align: center;\"><a href=\"https:\/\/youtu.be\/zJtHskl3EnY\"><img loading=\"lazy\" decoding=\"async\" class=\"size-full wp-image-2135 aligncenter\" src=\"http:\/\/blog-conny-dethloff.de\/wp-content\/uploads\/2012\/12\/link.png\" alt=\"link\" width=\"16\" height=\"16\" \/><\/a><\/td>\n<\/tr>\n<tr>\n<td style=\"text-align: left;\">ReThink Podcast<\/td>\n<td style=\"text-align: left;\">Unternehmen NEU denken (2020)<\/td>\n<td style=\"text-align: center;\"><a href=\"https:\/\/open.spotify.com\/episode\/5Byk0uGHmzWuxccmVAqh6B\"><img loading=\"lazy\" decoding=\"async\" class=\"size-full wp-image-2135 aligncenter\" src=\"http:\/\/blog-conny-dethloff.de\/wp-content\/uploads\/2012\/12\/link.png\" alt=\"link\" width=\"16\" height=\"16\" \/><\/a><\/td>\n<\/tr>\n<tr>\n<td style=\"text-align: left;\">Debunking Buzzwords mit Jaana, Holger und Conny<\/td>\n<td style=\"text-align: left;\">Mindset (2020)<\/td>\n<td style=\"text-align: center;\"><a href=\"https:\/\/youtu.be\/tof10nmKpcY\"><img loading=\"lazy\" decoding=\"async\" class=\"size-full wp-image-2135 aligncenter\" src=\"http:\/\/blog-conny-dethloff.de\/wp-content\/uploads\/2012\/12\/link.png\" alt=\"link\" width=\"16\" height=\"16\" \/><\/a><\/td>\n<\/tr>\n<tr>\n<td style=\"text-align: left;\">Projektmanagement-Podcast: Berater-Grillen<\/td>\n<td style=\"text-align: left;\">Teaser zum 1. Berater-Grillen (2021)<\/td>\n<td style=\"text-align: center;\"><a href=\"https:\/\/projektmanagementpodcast.com\/beratergrillen\"><img loading=\"lazy\" decoding=\"async\" class=\"size-full wp-image-2135 aligncenter\" src=\"http:\/\/blog-conny-dethloff.de\/wp-content\/uploads\/2012\/12\/link.png\" alt=\"link\" width=\"16\" height=\"16\" \/><\/a><\/td>\n<\/tr>\n<tr>\n<td style=\"text-align: left;\">Debunking Buzzwords mit Jaana, Holger und Conny<\/td>\n<td style=\"text-align: left;\">Purpose (2021)<\/td>\n<td style=\"text-align: center;\"><a href=\"https:\/\/youtu.be\/J0RH_ZmVyj4\"><img loading=\"lazy\" decoding=\"async\" class=\"size-full wp-image-2135 aligncenter\" src=\"http:\/\/blog-conny-dethloff.de\/wp-content\/uploads\/2012\/12\/link.png\" alt=\"link\" width=\"16\" height=\"16\" \/><\/a><\/td>\n<\/tr>\n<tr>\n<td style=\"text-align: left;\">Agile Leseecke<\/td>\n<td style=\"text-align: left;\">Agile Short Story von Conny Dethloff (2021)<\/td>\n<td style=\"text-align: center;\"><a href=\"https:\/\/anchor.fm\/miriam-sasse\/episodes\/Agile-Short-Stories---Superheld-gefunden---Conny-Dethloff-etiatv\"><img loading=\"lazy\" decoding=\"async\" class=\"size-full wp-image-2135 aligncenter\" src=\"http:\/\/blog-conny-dethloff.de\/wp-content\/uploads\/2012\/12\/link.png\" alt=\"link\" width=\"16\" height=\"16\" \/><\/a><\/td>\n<\/tr>\n<tr>\n<td style=\"text-align: left;\">Insights by Boris Gloger<\/td>\n<td style=\"text-align: left;\">Was d\u00fcrfen Menschen in Unternehmen, Conny Dethloff? (2021)<\/td>\n<td style=\"text-align: center;\"><a href=\"https:\/\/insightsbyborisgloger.com\/podcast\/was-duerfen-menschen-in-unternehmen-conny-dethloff\/\"><img loading=\"lazy\" decoding=\"async\" class=\"size-full wp-image-2135 aligncenter\" src=\"http:\/\/blog-conny-dethloff.de\/wp-content\/uploads\/2012\/12\/link.png\" alt=\"link\" width=\"16\" height=\"16\" \/><\/a><\/td>\n<\/tr>\n<tr>\n<td style=\"text-align: left;\">Insights by Boris Gloger<\/td>\n<td style=\"text-align: left;\">Sch\u00e4tzen wird \u00fcbersch\u00e4tzt, Conny Dethloff? (2021)<\/td>\n<td style=\"text-align: center;\"><a href=\"https:\/\/insightsbyborisgloger.com\/podcast\/schaetzen-wird-ueberschaetzt-conny-dethloff\/\"><img loading=\"lazy\" decoding=\"async\" class=\"size-full wp-image-2135 aligncenter\" src=\"http:\/\/blog-conny-dethloff.de\/wp-content\/uploads\/2012\/12\/link.png\" alt=\"link\" width=\"16\" height=\"16\" \/><\/a><\/td>\n<\/tr>\n<tr>\n<td style=\"text-align: left;\">Insights by Boris Gloger<\/td>\n<td style=\"text-align: left;\">Mindset und Kultur: wie Handeln das Denken ver\u00e4ndert \u2013 mit Conny Dethloff (2022)<\/td>\n<td style=\"text-align: center;\"><a href=\"https:\/\/insightsbyborisgloger.com\/podcast\/mindset-und-kultur-wie-handeln-das-denken-veraendert-mit-conny-dethloff-borisgloger\/\"><img loading=\"lazy\" decoding=\"async\" class=\"size-full wp-image-2135 aligncenter\" src=\"http:\/\/blog-conny-dethloff.de\/wp-content\/uploads\/2012\/12\/link.png\" alt=\"link\" width=\"16\" height=\"16\" \/><\/a><\/td>\n<\/tr>\n<tr>\n<td style=\"text-align: left;\">#iomtalk &#8211; Digitale Gespr\u00e4che zur digitalen Transformation der Arbeitsorganisation<\/td>\n<td style=\"text-align: left;\">Im Gespr\u00e4ch mit Conny Dethloff zu Transformational Change &#038; Leadership (2022)<\/td>\n<td style=\"text-align: center;\"><a href=\"https:\/\/open.spotify.com\/episode\/6YynvtnE96JZ6gEhWpn5Kr?si=Er_qGvuOSS-CiPYKqYvbAg\"><img loading=\"lazy\" decoding=\"async\" class=\"size-full wp-image-2135 aligncenter\" src=\"http:\/\/blog-conny-dethloff.de\/wp-content\/uploads\/2012\/12\/link.png\" alt=\"link\" width=\"16\" height=\"16\" \/><\/a><\/td>\n<\/tr>\n<tr>\n<td style=\"text-align: left;\">Podcast Servant Politics<\/td>\n<td style=\"text-align: left;\">Im Gespr\u00e4ch mit Conny Dethloff (2022)<\/td>\n<td style=\"text-align: center;\"><a href=\"https:\/\/open.spotify.com\/episode\/7hUF3eh6G4ogSYm9bRWDpg?si=9JgP9AOFS8iBISashy6r_g\"><img loading=\"lazy\" decoding=\"async\" class=\"size-full wp-image-2135 aligncenter\" src=\"http:\/\/blog-conny-dethloff.de\/wp-content\/uploads\/2012\/12\/link.png\" alt=\"link\" width=\"16\" height=\"16\" \/><\/a><\/td>\n<\/tr>\n<tr>\n<td style=\"text-align: left;\">Podcast Let&#8217;s Lead<\/td>\n<td style=\"text-align: left;\">#74 Sind Werte was wert? (2022)<\/td>\n<td style=\"text-align: center;\"><a href=\"https:\/\/open.spotify.com\/episode\/1ee0iv13oIFcMSGakGx5Wg?si=b27017c0c5904b59\"><img loading=\"lazy\" decoding=\"async\" class=\"size-full wp-image-2135 aligncenter\" src=\"http:\/\/blog-conny-dethloff.de\/wp-content\/uploads\/2012\/12\/link.png\" alt=\"link\" width=\"16\" height=\"16\" \/><\/a><\/td>\n<\/tr>\n<tr>\n<td style=\"text-align: left;\">Wandel im Sinn<\/td>\n<td style=\"text-align: left;\">Systemschlau (2023)<\/td>\n<td style=\"text-align: center;\"><a href=\"https:\/\/wandelimsinn.live\/2023\/08\/21\/kontext\/\"><img loading=\"lazy\" decoding=\"async\" class=\"size-full wp-image-2135 aligncenter\" src=\"http:\/\/blog-conny-dethloff.de\/wp-content\/uploads\/2012\/12\/link.png\" alt=\"link\" width=\"16\" height=\"16\" \/><\/a><\/td>\n<\/tr>\n<tr>\n<td style=\"text-align: left;\">OKR Podcast<\/td>\n<td style=\"text-align: left;\">Conny, warum scheitert die agile Transformation (2024)<\/td>\n<td style=\"text-align: center;\"><a href=\"https:\/\/andreclaassen.de\/future\/podcast\/okr\/okr-podcast-episode-57-conny-warum-verpufft-die-agile-transformation-ein-gespraech-mit-conny-dethloff\/\"><img loading=\"lazy\" decoding=\"async\" class=\"size-full wp-image-2135 aligncenter\" src=\"http:\/\/blog-conny-dethloff.de\/wp-content\/uploads\/2012\/12\/link.png\" alt=\"link\" width=\"16\" height=\"16\" \/><\/a><\/td>\n<\/tr>\n<tr>\n<td style=\"text-align: left;\">Weiter Denken Podcast von Svenja Hofert<\/td>\n<td style=\"text-align: left;\">Das wichtigste ist Demut (2024)<\/td>\n<td style=\"text-align: center;\"><a href=\"https:\/\/svenjahofert.substack.com\/p\/das-beste-ist-demut\"><img loading=\"lazy\" decoding=\"async\" class=\"size-full wp-image-2135 aligncenter\" src=\"http:\/\/blog-conny-dethloff.de\/wp-content\/uploads\/2012\/12\/link.png\" alt=\"link\" width=\"16\" height=\"16\" \/><\/a><\/td>\n<\/tr>\n<tr>\n<td style=\"text-align: left;\">Weiter Denken Podcast von Svenja Hofert<\/td>\n<td style=\"text-align: left;\">Die kranke Wirtschaft heilen (2024)<\/td>\n<td style=\"text-align: center;\"><a href=\"https:\/\/svenjahofert.substack.com\/p\/die-kranke-wirtschaft-heilen\"><img loading=\"lazy\" decoding=\"async\" class=\"size-full wp-image-2135 aligncenter\" src=\"http:\/\/blog-conny-dethloff.de\/wp-content\/uploads\/2012\/12\/link.png\" alt=\"link\" width=\"16\" height=\"16\" \/><\/a><\/td>\n<\/tr>\n<tr>\n<td style=\"text-align: left;\">Steffi und Conny sprechen \u00fcber Purpose<\/td>\n<td style=\"text-align: left;\">Purpose (2024)<\/td>\n<td style=\"text-align: center;\"><a href=\"https:\/\/youtu.be\/SilemYsPRhE?si=DFg1t2dsJYhXoc66\"><img loading=\"lazy\" decoding=\"async\" class=\"size-full wp-image-2135 aligncenter\" src=\"http:\/\/blog-conny-dethloff.de\/wp-content\/uploads\/2012\/12\/link.png\" alt=\"link\" width=\"16\" height=\"16\" \/><\/a><\/td>\n<\/tr>\n<tr>\n<td style=\"text-align: left;\">Zu Gast bei Ralle<\/td>\n<td style=\"text-align: left;\">Conny Dethloff: Zu Gast bei Ralle (2024)<\/td>\n<td style=\"text-align: center;\"><a href=\"https:\/\/leanbase.de\/network\/post\/k3faz-conny-dethloff-zu-gast-bei-ralle\"><img loading=\"lazy\" decoding=\"async\" class=\"size-full wp-image-2135 aligncenter\" src=\"http:\/\/blog-conny-dethloff.de\/wp-content\/uploads\/2012\/12\/link.png\" alt=\"link\" width=\"16\" height=\"16\" \/><\/a><\/td>\n<\/tr>\n<tr>\n<td style=\"text-align: left;\">proagile &#8211; Agilit\u00e4t in der Praxis<\/td>\n<td style=\"text-align: left;\">Status Quo der Arbeitswelt (2024)<\/td>\n<td style=\"text-align: center;\"><a href=\"https:\/\/proagile.de\/podcast\/status-quo-der-arbeitswelt\/\"><img loading=\"lazy\" decoding=\"async\" class=\"size-full wp-image-2135 aligncenter\" src=\"http:\/\/blog-conny-dethloff.de\/wp-content\/uploads\/2012\/12\/link.png\" alt=\"link\" width=\"16\" height=\"16\" \/><\/a><\/td>\n<\/tr>\n<tr>\n<td style=\"text-align: left;\">Business Carpool &#8211; Ehrliche Gespr\u00e4che<\/td>\n<td style=\"text-align: left;\">Change Management zwischen Inszenierung und Realit\u00e4t (2025)<\/td>\n<td style=\"text-align: center;\"><a href=\"https:\/\/open.spotify.com\/episode\/0V206GRgAuiOKgDIp4D7Rr?si=712gNurtQwqaymmWVrwZ9g\"><img loading=\"lazy\" decoding=\"async\" class=\"size-full wp-image-2135 aligncenter\" src=\"http:\/\/blog-conny-dethloff.de\/wp-content\/uploads\/2012\/12\/link.png\" alt=\"link\" width=\"16\" height=\"16\" \/><\/a><\/td>\n<\/tr>\n<td style=\"text-align: left;\">Wir m\u00fcssen reden<\/td>\n<td style=\"text-align: left;\">225 &#8211; Viable System Model in der Praxis: Strukturen, Steuerung &#038; Strategie (2025)<\/td>\n<td style=\"text-align: center;\"><a href=\"https:\/\/youtu.be\/PbOkfAvM5Iw?si=sSSdXLqooQRAw8kc\"><img loading=\"lazy\" decoding=\"async\" class=\"size-full wp-image-2135 aligncenter\" src=\"http:\/\/blog-conny-dethloff.de\/wp-content\/uploads\/2012\/12\/link.png\" alt=\"link\" width=\"16\" height=\"16\" \/><\/a><a href=\"https:\/\/open.spotify.com\/episode\/23LDZPQuLDsByRQtUqztk0?si=957914e06e0f4b37\"><img loading=\"lazy\" decoding=\"async\" class=\"size-full wp-image-2135 aligncenter\" src=\"http:\/\/blog-conny-dethloff.de\/wp-content\/uploads\/2012\/12\/link.png\" alt=\"link\" width=\"16\" height=\"16\" \/><\/a><\/td>\n<\/tr>\n<tr>\n<td style=\"text-align: left;\">Paperwings Podcast<\/td>\n<td style=\"text-align: left;\">Wie bekomme ich eine Organisation agil und resilient? (2025)<\/td>\n<td style=\"text-align: center;\"><a href=\"https:\/\/open.spotify.com\/episode\/4rUw9fTp4RLntfl6PrvBC5?si=ab0f28d125e944ea\"><img loading=\"lazy\" decoding=\"async\" class=\"size-full wp-image-2135 aligncenter\" src=\"http:\/\/blog-conny-dethloff.de\/wp-content\/uploads\/2012\/12\/link.png\" alt=\"link\" width=\"16\" height=\"16\" \/><\/a><\/td>\n<\/tr>\n<tr>\n<td style=\"text-align: left;\">Medienbecker &#8211; Zukunft im Blick Podcast<\/td>\n<td style=\"text-align: left;\">Conny Dethloff und das Viable System Model (2025)<\/td>\n<td style=\"text-align: center;\"><a href=\"https:\/\/open.spotify.com\/episode\/4UW4kllsqtDe5ymBS6GEkv?si=accaac0d5d604356\"><img loading=\"lazy\" decoding=\"async\" class=\"size-full wp-image-2135 aligncenter\" src=\"http:\/\/blog-conny-dethloff.de\/wp-content\/uploads\/2012\/12\/link.png\" alt=\"link\" width=\"16\" height=\"16\" \/><\/a><\/td>\n<\/tr>\n<tr>\n<td style=\"text-align: left;\">Chaos Hacker Talk<\/td>\n<td style=\"text-align: left;\">Wie Du Inspetionen und Regulatorik zu Deinem Vorteil nutzt! (2025)<\/td>\n<td style=\"text-align: center;\"><a href=\"https:\/\/open.spotify.com\/episode\/5uYSmeN3IvIAIzB2wYBFiS?si=eaf6e05cb44942ad\"><img loading=\"lazy\" decoding=\"async\" class=\"size-full wp-image-2135 aligncenter\" src=\"http:\/\/blog-conny-dethloff.de\/wp-content\/uploads\/2012\/12\/link.png\" alt=\"link\" width=\"16\" height=\"16\" \/><\/a><\/td>\n<\/tr>\n<\/tr>\n<td style=\"text-align: left;\">Radio FRO: Kommunikation@WIRtschaft<\/td>\n<td style=\"text-align: left;\">Die Komplexit\u00e4t des Jetzt &#8211; Im Gespr\u00e4ch mit Conny Dethloff (2026)<\/td>\n<td style=\"text-align: center;\"><a href=\"https:\/\/cba.media\/758836\"><img loading=\"lazy\" decoding=\"async\" class=\"size-full wp-image-2135 aligncenter\" src=\"http:\/\/blog-conny-dethloff.de\/wp-content\/uploads\/2012\/12\/link.png\" alt=\"link\" width=\"16\" height=\"16\" \/><\/a><a href=\"https:\/\/www.youtube.com\/live\/i0ARJbpuzT4?si=YjMp6M6RGYQ-zSuD\"><img loading=\"lazy\" decoding=\"async\" class=\"size-full wp-image-2135 aligncenter\" src=\"http:\/\/blog-conny-dethloff.de\/wp-content\/uploads\/2012\/12\/link.png\" alt=\"link\" width=\"16\" height=\"16\" \/><\/a><\/td>\n<\/tr>\n<tr>\n<td style=\"text-align: left;\">Sokrates Forum<\/td>\n<td style=\"text-align: left;\">KI &#8230; nur stochastische Papageien &#8211; Soziologische Perspektiven (2026)<\/td>\n<td style=\"text-align: center;\"><a href=\"https:\/\/youtu.be\/FLZlb7a7mX8?si=mG9GUlx_lQqR_1Zw\"><img loading=\"lazy\" decoding=\"async\" class=\"size-full wp-image-2135 aligncenter\" src=\"http:\/\/blog-conny-dethloff.de\/wp-content\/uploads\/2012\/12\/link.png\" alt=\"link\" width=\"16\" height=\"16\" \/><\/a><\/td>\n<\/tr>\n<\/tbody>\n<\/table>\n<span id=\"post-ratings-4134\" class=\"post-ratings\" data-nonce=\"1b59567e69\"><img decoding=\"async\" id=\"rating_4134_1\" src=\"https:\/\/blog-conny-dethloff.de\/wp-content\/plugins\/wp-postratings\/images\/stars\/rating_on.gif\" alt=\"1 Star\" title=\"1 Star\" onmouseover=\"current_rating(4134, 1, '1 Star');\" onmouseout=\"ratings_off(5, 0, 0);\" onclick=\"rate_post();\" onkeypress=\"rate_post();\" style=\"cursor: pointer; border: 0px;\" \/><img decoding=\"async\" id=\"rating_4134_2\" src=\"https:\/\/blog-conny-dethloff.de\/wp-content\/plugins\/wp-postratings\/images\/stars\/rating_on.gif\" alt=\"2 Stars\" title=\"2 Stars\" onmouseover=\"current_rating(4134, 2, '2 Stars');\" onmouseout=\"ratings_off(5, 0, 0);\" onclick=\"rate_post();\" onkeypress=\"rate_post();\" style=\"cursor: pointer; border: 0px;\" \/><img decoding=\"async\" id=\"rating_4134_3\" src=\"https:\/\/blog-conny-dethloff.de\/wp-content\/plugins\/wp-postratings\/images\/stars\/rating_on.gif\" alt=\"3 Stars\" title=\"3 Stars\" onmouseover=\"current_rating(4134, 3, '3 Stars');\" onmouseout=\"ratings_off(5, 0, 0);\" onclick=\"rate_post();\" onkeypress=\"rate_post();\" style=\"cursor: pointer; border: 0px;\" \/><img decoding=\"async\" id=\"rating_4134_4\" src=\"https:\/\/blog-conny-dethloff.de\/wp-content\/plugins\/wp-postratings\/images\/stars\/rating_on.gif\" alt=\"4 Stars\" title=\"4 Stars\" onmouseover=\"current_rating(4134, 4, '4 Stars');\" onmouseout=\"ratings_off(5, 0, 0);\" onclick=\"rate_post();\" onkeypress=\"rate_post();\" style=\"cursor: pointer; border: 0px;\" \/><img decoding=\"async\" id=\"rating_4134_5\" src=\"https:\/\/blog-conny-dethloff.de\/wp-content\/plugins\/wp-postratings\/images\/stars\/rating_on.gif\" alt=\"5 Stars\" title=\"5 Stars\" onmouseover=\"current_rating(4134, 5, '5 Stars');\" onmouseout=\"ratings_off(5, 0, 0);\" onclick=\"rate_post();\" onkeypress=\"rate_post();\" style=\"cursor: pointer; border: 0px;\" \/> (<strong>9<\/strong> Bewertung(en), Durchschnitt: <strong>5.00<\/strong> von 5)<br \/><span class=\"post-ratings-text\" id=\"ratings_4134_text\"><\/span><\/span><span id=\"post-ratings-4134-loading\" class=\"post-ratings-loading\"><img loading=\"lazy\" decoding=\"async\" src=\"https:\/\/blog-conny-dethloff.de\/wp-content\/plugins\/wp-postratings\/images\/loading.gif\" width=\"16\" height=\"16\" class=\"post-ratings-image\" \/>Loading...<\/span>\n","protected":false},"excerpt":{"rendered":"<p>Quelle Titel Link Bachelorarbeit BI der Zukunft (2009) Managementradio Change Modeler \u2013 Dynamiken im Change erfassen und modellieren (2009) Managementradio Change Management &#8211; kybernetisch (2011) Managementradio Change Management &#8211; Am Ball bleiben (2011) Bosbach.Mobi ArbeitsVisionen 2025 (2015) PeX Konferenz Zusammenhang &hellip; <a href=\"https:\/\/blog-conny-dethloff.de\/?page_id=4134\">Continue reading <span class=\"meta-nav\">&rarr;<\/span><\/a><\/p>\n","protected":false},"author":1,"featured_media":0,"parent":2121,"menu_order":0,"comment_status":"closed","ping_status":"closed","template":"","meta":{"footnotes":""},"class_list":["post-4134","page","type-page","status-publish","hentry"],"_links":{"self":[{"href":"https:\/\/blog-conny-dethloff.de\/index.php?rest_route=\/wp\/v2\/pages\/4134","targetHints":{"allow":["GET"]}}],"collection":[{"href":"https:\/\/blog-conny-dethloff.de\/index.php?rest_route=\/wp\/v2\/pages"}],"about":[{"href":"https:\/\/blog-conny-dethloff.de\/index.php?rest_route=\/wp\/v2\/types\/page"}],"author":[{"embeddable":true,"href":"https:\/\/blog-conny-dethloff.de\/index.php?rest_route=\/wp\/v2\/users\/1"}],"replies":[{"embeddable":true,"href":"https:\/\/blog-conny-dethloff.de\/index.php?rest_route=%2Fwp%2Fv2%2Fcomments&post=4134"}],"version-history":[{"count":71,"href":"https:\/\/blog-conny-dethloff.de\/index.php?rest_route=\/wp\/v2\/pages\/4134\/revisions"}],"predecessor-version":[{"id":49113,"href":"https:\/\/blog-conny-dethloff.de\/index.php?rest_route=\/wp\/v2\/pages\/4134\/revisions\/49113"}],"up":[{"embeddable":true,"href":"https:\/\/blog-conny-dethloff.de\/index.php?rest_route=\/wp\/v2\/pages\/2121"}],"wp:attachment":[{"href":"https:\/\/blog-conny-dethloff.de\/index.php?rest_route=%2Fwp%2Fv2%2Fmedia&parent=4134"}],"curies":[{"name":"wp","href":"https:\/\/api.w.org\/{rel}","templated":true}]}}