{"id":4120,"date":"2018-03-14T07:20:29","date_gmt":"2018-03-14T06:20:29","guid":{"rendered":"http:\/\/blog-conny-dethloff.de\/?page_id=4120"},"modified":"2025-01-22T07:30:17","modified_gmt":"2025-01-22T06:30:17","slug":"impressionen-von-konferenzen-in-bild-und-ton","status":"publish","type":"page","link":"https:\/\/blog-conny-dethloff.de\/?page_id=4120","title":{"rendered":"Impressionen in Bild und Ton"},"content":{"rendered":"<p><strong>&#8220;Lean around the clock&#8221; im Februar 2017 in Mannheim<\/strong><br \/>\n<iframe loading=\"lazy\" title=\"BI@OTTO \u2013 Agile is out, Viable is in!!!\" width=\"640\" height=\"360\" src=\"https:\/\/www.youtube.com\/embed\/SUo_1lD9LLM?feature=oembed\" frameborder=\"0\" allow=\"accelerometer; autoplay; clipboard-write; encrypted-media; gyroscope; picture-in-picture; web-share\" referrerpolicy=\"strict-origin-when-cross-origin\" allowfullscreen><\/iframe><\/p>\n<p><strong>&#8220;PM Tage 2017&#8221; im M\u00e4rz 2017 in M\u00fcnchen<\/strong><br \/>\n<iframe loading=\"lazy\" title=\"Conny Dethloff\" width=\"640\" height=\"360\" src=\"https:\/\/www.youtube.com\/embed\/B3-aOAN-8sY?feature=oembed\" frameborder=\"0\" allow=\"accelerometer; autoplay; clipboard-write; encrypted-media; gyroscope; picture-in-picture; web-share\" referrerpolicy=\"strict-origin-when-cross-origin\" allowfullscreen><\/iframe><\/p>\n<p><strong>&#8220;OTTO Kulturwandel Marktplatz &#8211; Speaker`s Corner&#8221; im April 2017 in Hamburg<\/strong><br \/>\n<iframe loading=\"lazy\" title=\"170509 Vortrag Conny Dethloff\" width=\"640\" height=\"360\" src=\"https:\/\/www.youtube.com\/embed\/tlNV96Nedyk?feature=oembed\" frameborder=\"0\" allow=\"accelerometer; autoplay; clipboard-write; encrypted-media; gyroscope; picture-in-picture; web-share\" referrerpolicy=\"strict-origin-when-cross-origin\" allowfullscreen><\/iframe><\/p>\n<p><strong>&#8220;PM-Camp Hamburg&#8221; im Mai 2017 in Hamburg<\/strong><br \/>\n<iframe loading=\"lazy\" title=\"PM Camp Hamburg   Pecha Kucha   Komplexit\u00e4t verspeist Methodik\" width=\"640\" height=\"360\" src=\"https:\/\/www.youtube.com\/embed\/U5Uo4Nt21Ww?feature=oembed\" frameborder=\"0\" allow=\"accelerometer; autoplay; clipboard-write; encrypted-media; gyroscope; picture-in-picture; web-share\" referrerpolicy=\"strict-origin-when-cross-origin\" allowfullscreen><\/iframe><\/p>\n<p><strong>&#8220;LeanTalkTV &#8211; Warum ist Lean so schwer umzusetzen? Und ist Lean denn \u00fcberhaupt noch zeitgem\u00e4\u00df?&#8221; im Mai 2017 in Mannheim<\/strong><br \/>\n<iframe loading=\"lazy\" title=\"LeanTalkTV - Warum ist Lean so schwer umzusetzen? Und ist Lean denn \u00fcberhaupt noch zeitgem\u00e4\u00df\" width=\"640\" height=\"360\" src=\"https:\/\/www.youtube.com\/embed\/GNG14KBqiUo?feature=oembed\" frameborder=\"0\" allow=\"accelerometer; autoplay; clipboard-write; encrypted-media; gyroscope; picture-in-picture; web-share\" referrerpolicy=\"strict-origin-when-cross-origin\" allowfullscreen><\/iframe><\/p>\n<p><strong>&#8220;LeanTalkTV &#8211; Macht, dar\u00fcber spricht Mensch nicht!&#8221; im Oktober 2017 in Hannover<\/strong><br \/>\n<iframe loading=\"lazy\" title=\"LeanTalkTV - Macht, dar\u00fcber spricht Mensch nicht!\" width=\"640\" height=\"360\" src=\"https:\/\/www.youtube.com\/embed\/DUciEREV3Uc?feature=oembed\" frameborder=\"0\" allow=\"accelerometer; autoplay; clipboard-write; encrypted-media; gyroscope; picture-in-picture; web-share\" referrerpolicy=\"strict-origin-when-cross-origin\" allowfullscreen><\/iframe><\/p>\n<p><strong>&#8220;OTTO Kulturwandel-Workshop: Ein Unternehmen aus ineinander verschachtelten Wertsch\u00f6pfungsketten&#8221; im Oktober 2017 in Hamburg<\/strong><br \/>\n<iframe loading=\"lazy\" title=\"Ein Unternehmen als Geflecht aus ineinander verschachtelten Wertsch\u00f6pfungsketten\" width=\"640\" height=\"360\" src=\"https:\/\/www.youtube.com\/embed\/ZKm8AWH55R0?feature=oembed\" frameborder=\"0\" allow=\"accelerometer; autoplay; clipboard-write; encrypted-media; gyroscope; picture-in-picture; web-share\" referrerpolicy=\"strict-origin-when-cross-origin\" allowfullscreen><\/iframe><\/p>\n<p><strong>&#8220;Panel auf der Social Media Week 2018 in Hamburg &#8220;Community vs. Individualismus&#8221;: Warum und f\u00fcr wen \u00f6ffentliche Debatten im Netz?&#8221; im Februar 2018 in Hamburg (ab Minute 57)<\/strong><br \/>\n<iframe loading=\"lazy\" title=\"SMWHH aus dem Galionsfigurensaal 28.02.2018\" width=\"640\" height=\"360\" src=\"https:\/\/www.youtube.com\/embed\/zXjtlSsYdl4?start=3420&#038;feature=oembed\" frameborder=\"0\" allow=\"accelerometer; autoplay; clipboard-write; encrypted-media; gyroscope; picture-in-picture; web-share\" referrerpolicy=\"strict-origin-when-cross-origin\" allowfullscreen><\/iframe><\/p>\n<p><strong>&#8220;Lean around the clock&#8221; im M\u00e4rz 2018 in Mannheim<\/strong><br \/>\n<iframe loading=\"lazy\" title=\"Lean? Agil? \u2013 Einfach machen!\" width=\"640\" height=\"360\" src=\"https:\/\/www.youtube.com\/embed\/s5Tz5_3bCWM?list=PLu6iDYlE5OjSyTn8bV06nWW1TldTXfxAf\" frameborder=\"0\" allow=\"accelerometer; autoplay; clipboard-write; encrypted-media; gyroscope; picture-in-picture; web-share\" referrerpolicy=\"strict-origin-when-cross-origin\" allowfullscreen><\/iframe><\/p>\n<p><strong>&#8220;PM Welt 2018&#8221; im M\u00e4rz 2018 in M\u00fcnchen<\/strong><br \/>\n<iframe loading=\"lazy\" src=\"https:\/\/player.vimeo.com\/video\/262174835\" allowfullscreen=\"\" width=\"640\" height=\"360\" frameborder=\"0\"><\/iframe><\/p>\n<p><strong>&#8220;Digitale Transformation und Innovation 2018&#8221; in Frankfurt<\/strong><br \/>\n<iframe loading=\"lazy\" title=\"DTI D01 R06 L04\" width=\"640\" height=\"360\" src=\"https:\/\/www.youtube.com\/embed\/N_C5Sp5CC2s?feature=oembed\" frameborder=\"0\" allow=\"accelerometer; autoplay; clipboard-write; encrypted-media; gyroscope; picture-in-picture; web-share\" referrerpolicy=\"strict-origin-when-cross-origin\" allowfullscreen><\/iframe><\/p>\n<p><strong>&#8220;Data Leader Days 2018&#8221; in Berlin<\/strong><br \/>\n<iframe loading=\"lazy\" title=\"BI@OTTO: Daten kennen das WAS, aber nicht das WARUM - Data Leader Days 2018\" width=\"640\" height=\"360\" src=\"https:\/\/www.youtube.com\/embed\/l-TRqfMoVtc?feature=oembed\" frameborder=\"0\" allow=\"accelerometer; autoplay; clipboard-write; encrypted-media; gyroscope; picture-in-picture; web-share\" referrerpolicy=\"strict-origin-when-cross-origin\" allowfullscreen><\/iframe><\/p>\n<p><strong>&#8220;GPM Zoom-Event &#8211; Mehr-Wert mit weniger Projekten generieren 2020&#8221;<\/strong><br \/>\n<iframe loading=\"lazy\" title=\"Mehr-Wert mit weniger Projekten generieren\" width=\"640\" height=\"360\" src=\"https:\/\/www.youtube.com\/embed\/videoseries?list=PL6wl47rMCJTerw03HFLgV-bbeIpDkkd3l\" frameborder=\"0\" allow=\"accelerometer; autoplay; clipboard-write; encrypted-media; gyroscope; picture-in-picture; web-share\" referrerpolicy=\"strict-origin-when-cross-origin\" allowfullscreen><\/iframe><\/p>\n<p><strong>&#8220;TOC4U Konferenz 2018&#8221;<\/strong><br \/>\n<iframe loading=\"lazy\" title=\"CONNY DETHLOFF Vortrag TOC4U Konferenz 2018\" width=\"640\" height=\"480\" src=\"https:\/\/www.youtube.com\/embed\/fqMHMO9ilV0?feature=oembed\" frameborder=\"0\" allow=\"accelerometer; autoplay; clipboard-write; encrypted-media; gyroscope; picture-in-picture; web-share\" referrerpolicy=\"strict-origin-when-cross-origin\" allowfullscreen><\/iframe><\/p>\n<p><strong>&#8220;SINNpuls Hamburg &#8211; Alles eine Frage der Perspektive 2020&#8221;<\/strong><br \/>\n<iframe loading=\"lazy\" title=\"INNOSHOT SINNpuls |  08\" width=\"640\" height=\"360\" src=\"https:\/\/www.youtube.com\/embed\/PqS5bvnqei4?feature=oembed\" frameborder=\"0\" allow=\"accelerometer; autoplay; clipboard-write; encrypted-media; gyroscope; picture-in-picture; web-share\" referrerpolicy=\"strict-origin-when-cross-origin\" allowfullscreen><\/iframe><\/p>\n<p><strong>&#8220;Business Agility LIVE &#8211; Was Organisationsver\u00e4nderung wirklich braucht?!&#8221;<\/strong><br \/>\n<iframe loading=\"lazy\" title=\"Was Organisationsver\u00e4nderung wirklich braucht?! Mit Conny Dethloff (German language)\" width=\"640\" height=\"360\" src=\"https:\/\/www.youtube.com\/embed\/ZPXEjNclSeM?feature=oembed\" frameborder=\"0\" allow=\"accelerometer; autoplay; clipboard-write; encrypted-media; gyroscope; picture-in-picture; web-share\" referrerpolicy=\"strict-origin-when-cross-origin\" allowfullscreen><\/iframe><\/p>\n<p><strong>&#8220;Online-Lesung &#8211; Agile Short Stories&#8221;<\/strong><br \/>\n<iframe loading=\"lazy\" title=\"Aufzeichnung Online Lesung Agile Short Stories\" width=\"640\" height=\"360\" src=\"https:\/\/www.youtube.com\/embed\/zc6viwOHkRU?feature=oembed\" frameborder=\"0\" allow=\"accelerometer; autoplay; clipboard-write; encrypted-media; gyroscope; picture-in-picture; web-share\" referrerpolicy=\"strict-origin-when-cross-origin\" allowfullscreen><\/iframe><\/p>\n<p><strong>&#8220;Working Products: Produktentwicklung &#8211; Von der Natur lernen!&#8221;<\/strong><br \/>\n<iframe loading=\"lazy\" title=\"Working Products Konferenz 2021: Conny Dethloff\" width=\"640\" height=\"360\" src=\"https:\/\/www.youtube.com\/embed\/Ec5HtVVOyo8?feature=oembed\" frameborder=\"0\" allow=\"accelerometer; autoplay; clipboard-write; encrypted-media; gyroscope; picture-in-picture; web-share\" referrerpolicy=\"strict-origin-when-cross-origin\" allowfullscreen><\/iframe><\/p>\n<span id=\"post-ratings-4120\" class=\"post-ratings\" data-nonce=\"920d189e6e\"><img decoding=\"async\" id=\"rating_4120_1\" src=\"https:\/\/blog-conny-dethloff.de\/wp-content\/plugins\/wp-postratings\/images\/stars\/rating_on.gif\" alt=\"1 Star\" title=\"1 Star\" onmouseover=\"current_rating(4120, 1, '1 Star');\" onmouseout=\"ratings_off(5, 0, 0);\" onclick=\"rate_post();\" onkeypress=\"rate_post();\" style=\"cursor: pointer; border: 0px;\" \/><img decoding=\"async\" id=\"rating_4120_2\" src=\"https:\/\/blog-conny-dethloff.de\/wp-content\/plugins\/wp-postratings\/images\/stars\/rating_on.gif\" alt=\"2 Stars\" title=\"2 Stars\" onmouseover=\"current_rating(4120, 2, '2 Stars');\" onmouseout=\"ratings_off(5, 0, 0);\" onclick=\"rate_post();\" onkeypress=\"rate_post();\" style=\"cursor: pointer; border: 0px;\" \/><img decoding=\"async\" id=\"rating_4120_3\" src=\"https:\/\/blog-conny-dethloff.de\/wp-content\/plugins\/wp-postratings\/images\/stars\/rating_on.gif\" alt=\"3 Stars\" title=\"3 Stars\" onmouseover=\"current_rating(4120, 3, '3 Stars');\" onmouseout=\"ratings_off(5, 0, 0);\" onclick=\"rate_post();\" onkeypress=\"rate_post();\" style=\"cursor: pointer; border: 0px;\" \/><img decoding=\"async\" id=\"rating_4120_4\" src=\"https:\/\/blog-conny-dethloff.de\/wp-content\/plugins\/wp-postratings\/images\/stars\/rating_on.gif\" alt=\"4 Stars\" title=\"4 Stars\" onmouseover=\"current_rating(4120, 4, '4 Stars');\" onmouseout=\"ratings_off(5, 0, 0);\" onclick=\"rate_post();\" onkeypress=\"rate_post();\" style=\"cursor: pointer; border: 0px;\" \/><img decoding=\"async\" id=\"rating_4120_5\" src=\"https:\/\/blog-conny-dethloff.de\/wp-content\/plugins\/wp-postratings\/images\/stars\/rating_on.gif\" alt=\"5 Stars\" title=\"5 Stars\" onmouseover=\"current_rating(4120, 5, '5 Stars');\" onmouseout=\"ratings_off(5, 0, 0);\" onclick=\"rate_post();\" onkeypress=\"rate_post();\" style=\"cursor: pointer; border: 0px;\" \/> (<strong>5<\/strong> Bewertung(en), Durchschnitt: <strong>5.00<\/strong> von 5)<br \/><span class=\"post-ratings-text\" id=\"ratings_4120_text\"><\/span><\/span><span id=\"post-ratings-4120-loading\" class=\"post-ratings-loading\"><img loading=\"lazy\" decoding=\"async\" src=\"https:\/\/blog-conny-dethloff.de\/wp-content\/plugins\/wp-postratings\/images\/loading.gif\" width=\"16\" height=\"16\" class=\"post-ratings-image\" \/>Loading...<\/span>\n","protected":false},"excerpt":{"rendered":"<p>&#8220;Lean around the clock&#8221; im Februar 2017 in Mannheim &#8220;PM Tage 2017&#8221; im M\u00e4rz 2017 in M\u00fcnchen &#8220;OTTO Kulturwandel Marktplatz &#8211; Speaker`s Corner&#8221; im April 2017 in Hamburg &#8220;PM-Camp Hamburg&#8221; im Mai 2017 in Hamburg &#8220;LeanTalkTV &#8211; Warum ist Lean &hellip; <a href=\"https:\/\/blog-conny-dethloff.de\/?page_id=4120\">Continue reading <span class=\"meta-nav\">&rarr;<\/span><\/a><\/p>\n","protected":false},"author":1,"featured_media":0,"parent":4109,"menu_order":0,"comment_status":"closed","ping_status":"closed","template":"","meta":{"footnotes":""},"class_list":["post-4120","page","type-page","status-publish","hentry"],"_links":{"self":[{"href":"https:\/\/blog-conny-dethloff.de\/index.php?rest_route=\/wp\/v2\/pages\/4120","targetHints":{"allow":["GET"]}}],"collection":[{"href":"https:\/\/blog-conny-dethloff.de\/index.php?rest_route=\/wp\/v2\/pages"}],"about":[{"href":"https:\/\/blog-conny-dethloff.de\/index.php?rest_route=\/wp\/v2\/types\/page"}],"author":[{"embeddable":true,"href":"https:\/\/blog-conny-dethloff.de\/index.php?rest_route=\/wp\/v2\/users\/1"}],"replies":[{"embeddable":true,"href":"https:\/\/blog-conny-dethloff.de\/index.php?rest_route=%2Fwp%2Fv2%2Fcomments&post=4120"}],"version-history":[{"count":17,"href":"https:\/\/blog-conny-dethloff.de\/index.php?rest_route=\/wp\/v2\/pages\/4120\/revisions"}],"predecessor-version":[{"id":49001,"href":"https:\/\/blog-conny-dethloff.de\/index.php?rest_route=\/wp\/v2\/pages\/4120\/revisions\/49001"}],"up":[{"embeddable":true,"href":"https:\/\/blog-conny-dethloff.de\/index.php?rest_route=\/wp\/v2\/pages\/4109"}],"wp:attachment":[{"href":"https:\/\/blog-conny-dethloff.de\/index.php?rest_route=%2Fwp%2Fv2%2Fmedia&parent=4120"}],"curies":[{"name":"wp","href":"https:\/\/api.w.org\/{rel}","templated":true}]}}