{"id":4111,"date":"2018-03-14T07:14:26","date_gmt":"2018-03-14T06:14:26","guid":{"rendered":"http:\/\/blog-conny-dethloff.de\/?page_id=4111"},"modified":"2026-04-16T05:34:26","modified_gmt":"2026-04-16T04:34:26","slug":"vortragsunterlagen","status":"publish","type":"page","link":"https:\/\/blog-conny-dethloff.de\/?page_id=4111","title":{"rendered":"Vortragsunterlagen"},"content":{"rendered":"<p>Hier finden Sie die Vortragsunterlagen meiner Auftritte auf Konferenzen, Kongresse, Workshop etc.<\/p>\n<table style=\"background-color: #ffffff;\" border=\"2\" width=\"100%\" cellspacing=\"3\" cellpadding=\"2\">\n<tbody>\n<tr>\n<td style=\"text-align: left;\"><strong>Quelle<\/strong><\/td>\n<td style=\"text-align: left;\"><strong>Titel<\/strong><\/td>\n<td style=\"text-align: left;\"><strong>Links<\/strong><\/td>\n<\/tr>\n<tr>\n<td style=\"text-align: left;\">Consideo Modeler Camp 2010<\/td>\n<td style=\"text-align: left;\">Business Intelligence trifft Kybernetik (2010)<\/td>\n<td style=\"text-align: center;\"><a href=\"http:\/\/blog-conny-dethloff.de\/wp-content\/uploads\/2020\/12\/Modeler-Camp_Tag-2_BI-trifft-Kybernetik.pdf\"><img loading=\"lazy\" decoding=\"async\" class=\"size-full wp-image-2135 aligncenter\" src=\"http:\/\/blog-conny-dethloff.de\/wp-content\/uploads\/2012\/12\/link.png\" alt=\"link\" width=\"16\" height=\"16\" \/><\/a><a href=\"http:\/\/www.perspektive-mittelstand.de\/_Benutzer\/Pressemeldung\/00006143\/d\/Consideo_Pressemitteilung_MODELER-CAMP_Nachbericht.pdf\"><img loading=\"lazy\" decoding=\"async\" class=\"size-full wp-image-2135 aligncenter\" src=\"http:\/\/blog-conny-dethloff.de\/wp-content\/uploads\/2012\/12\/link.png\" alt=\"link\" width=\"16\" height=\"16\" \/><\/a><\/td>\n<\/tr>\n<tr>\n<td style=\"text-align: left;\">&#8230;<\/td>\n<td style=\"text-align: left;\">Aufl\u00f6sung der Wolke nach ToC bei Einkaufsprozessen (2009)<\/td>\n<td style=\"text-align: center;\"><a href=\"http:\/\/blog-conny-dethloff.de\/wp-content\/uploads\/2020\/12\/Wolke_Engagement-von-Projekten-bei-Einkaufsabteilung.pdf\"><img loading=\"lazy\" decoding=\"async\" class=\"size-full wp-image-2135 aligncenter\" src=\"http:\/\/blog-conny-dethloff.de\/wp-content\/uploads\/2012\/12\/link.png\" alt=\"link\" width=\"16\" height=\"16\" \/><\/a><\/td>\n<\/tr>\n<tr>\n<td style=\"text-align: left;\">Universit\u00e4t Rostock<\/td>\n<td style=\"text-align: left;\">Systemisches Denken mit dem Consideo MODELER (2008)<\/td>\n<td style=\"text-align: center;\"><a href=\"http:\/\/blog-conny-dethloff.de\/wp-content\/uploads\/2020\/12\/Systemisches-Denken-mit-dem-Consideo-Modeler_Vortrag.pdf\"><img loading=\"lazy\" decoding=\"async\" class=\"size-full wp-image-2135 aligncenter\" src=\"http:\/\/blog-conny-dethloff.de\/wp-content\/uploads\/2012\/12\/link.png\" alt=\"link\" width=\"16\" height=\"16\" \/><\/a><\/td>\n<\/tr>\n<tr>\n<td style=\"text-align: left;\">Jahrestagung DGSD<\/td>\n<td style=\"text-align: left;\">Kybernetisches Change Management (2010)<\/td>\n<td style=\"text-align: center;\"><a href=\"http:\/\/blog-conny-dethloff.de\/wp-content\/uploads\/2020\/12\/DGSD-2010_Kybernetisches-CM.pdf\"><img loading=\"lazy\" decoding=\"async\" class=\"size-full wp-image-2135 aligncenter\" src=\"http:\/\/blog-conny-dethloff.de\/wp-content\/uploads\/2012\/12\/link.png\" alt=\"link\" width=\"16\" height=\"16\" \/><\/a><a href=\"http:\/\/www.systemdynamics.de\/jahrestagung_mitgliederversammlung\/4-jahrestagung-2010\/ruckblick-4-jahrestagung-2010\/\"><img loading=\"lazy\" decoding=\"async\" class=\"size-full wp-image-2135 aligncenter\" src=\"http:\/\/blog-conny-dethloff.de\/wp-content\/uploads\/2012\/12\/link.png\" alt=\"link\" width=\"16\" height=\"16\" \/><\/a><\/td>\n<\/tr>\n<tr>\n<td style=\"text-align: left;\">Academic Business Consulting Day<\/td>\n<td style=\"text-align: left;\">Die Kopernikanische Wende im Management von Unternehmen (2011)<\/td>\n<td style=\"text-align: center;\"><a href=\"http:\/\/blog-conny-dethloff.de\/wp-content\/uploads\/2011\/03\/Die-Kopernikanische-Wende-im-Management.pdf\"><img loading=\"lazy\" decoding=\"async\" class=\"size-full wp-image-2135 aligncenter\" src=\"http:\/\/blog-conny-dethloff.de\/wp-content\/uploads\/2012\/12\/link.png\" alt=\"link\" width=\"16\" height=\"16\" \/><\/a><a href=\"https:\/\/www-05.ibm.com\/de\/ibm\/engagement\/university_relations\/pdf\/flyer_university_relations_new.pdf\"><img loading=\"lazy\" decoding=\"async\" class=\"size-full wp-image-2135 aligncenter\" src=\"http:\/\/blog-conny-dethloff.de\/wp-content\/uploads\/2012\/12\/link.png\" alt=\"link\" width=\"16\" height=\"16\" \/><\/a><\/td>\n<\/tr>\n<tr>\n<td style=\"text-align: left;\">Philosophisches Cafe<\/td>\n<td style=\"text-align: left;\">Komplexit\u00e4t und Entropie (2012)<\/td>\n<td style=\"text-align: center;\"><a href=\"https:\/\/blog-conny-dethloff.de\/wp-content\/uploads\/2024\/10\/20120123_Komplexitaet-und-Entropie.pdf\"><img loading=\"lazy\" decoding=\"async\" class=\"size-full wp-image-2135 aligncenter\" src=\"http:\/\/blog-conny-dethloff.de\/wp-content\/uploads\/2012\/12\/link.png\" alt=\"link\" width=\"16\" height=\"16\" \/><\/a><\/td>\n<\/tr>\n<tr>\n<td style=\"text-align: left;\">Bundesverband Mittelst\u00e4ndische Wirtschaft (BVMW) Hessen<\/td>\n<td style=\"text-align: left;\">Der Wettlauf mit der Komplexit\u00e4t in der Wirtschaft (2012)<\/td>\n<td style=\"text-align: center;\"><a href=\"http:\/\/prezi.com\/tzfjjcte97wu\/komplexitat-und-modellierung-in-der-wirtschaft\/\"><img loading=\"lazy\" decoding=\"async\" class=\"size-full wp-image-2135 aligncenter\" src=\"http:\/\/blog-conny-dethloff.de\/wp-content\/uploads\/2012\/12\/link.png\" alt=\"link\" width=\"16\" height=\"16\" \/><\/a><a href=\"http:\/\/blog-conny-dethloff.de\/wp-content\/uploads\/2012\/06\/Manuskript-Vortrag-Wettlauf-mit-der-Komplexit\u00e4t-in-der-Wirtschaft.pdf\"><img loading=\"lazy\" decoding=\"async\" class=\"size-full wp-image-2135 aligncenter\" src=\"http:\/\/blog-conny-dethloff.de\/wp-content\/uploads\/2012\/12\/link.png\" alt=\"link\" width=\"16\" height=\"16\" \/><\/a><\/td>\n<\/tr>\n<tr>\n<td style=\"text-align: left;\">Consideo Modeler Camp 2013<\/td>\n<td style=\"text-align: left;\">Handhaben von Komplexit\u00e4t im Handel (2013) &#8211; Pr\u00e4sentation und Manuskript<\/td>\n<td style=\"text-align: center;\"><a href=\"http:\/\/blog-conny-dethloff.de\/wp-content\/uploads\/2012\/12\/Modeler-Camp-2013_Komplexit\u00e4t-im-Handel.pdf\"><img loading=\"lazy\" decoding=\"async\" class=\"size-full wp-image-2135 aligncenter\" src=\"http:\/\/blog-conny-dethloff.de\/wp-content\/uploads\/2012\/12\/link.png\" alt=\"link\" width=\"16\" height=\"16\" \/><\/a><a href=\"http:\/\/blog-conny-dethloff.de\/wp-content\/uploads\/2013\/05\/Modeler-Camp-2013_Manuskript-des-Vortrages.pdf\"><img loading=\"lazy\" decoding=\"async\" src=\"http:\/\/blog-conny-dethloff.de\/wp-content\/uploads\/2012\/12\/link.png\" alt=\"link\" width=\"16\" height=\"16\" \/><\/a><\/td>\n<\/tr>\n<tr>\n<td style=\"text-align: left;\">BITKOM AG E-Commerce in Hamburg<\/td>\n<td style=\"text-align: left;\">Die Realtime Big Data Architektur@OTTO(2014)<\/td>\n<td style=\"text-align: center;\"><a href=\"http:\/\/blog-conny-dethloff.de\/wp-content\/uploads\/2012\/12\/20140522_BITKOM_OTTO-BI-Architektur.pdf\"><img loading=\"lazy\" decoding=\"async\" class=\"size-full wp-image-2135 aligncenter\" src=\"http:\/\/blog-conny-dethloff.de\/wp-content\/uploads\/2012\/12\/link.png\" alt=\"link\" width=\"16\" height=\"16\" \/><\/a><a href=\"http:\/\/www.bitkom.org\/files\/documents\/20140522_Agenda_AG_E-Commerce.pdf\"><img loading=\"lazy\" decoding=\"async\" class=\"size-full wp-image-2135 aligncenter\" src=\"http:\/\/blog-conny-dethloff.de\/wp-content\/uploads\/2012\/12\/link.png\" alt=\"link\" width=\"16\" height=\"16\" \/><\/a><\/td>\n<\/tr>\n<tr>\n<td style=\"text-align: left;\">Zukunftskongress Logistik in Dortmund<\/td>\n<td style=\"text-align: left;\">Die Realtime Big Data Architektur@OTTO(2014)<\/td>\n<td style=\"text-align: center;\"><a href=\"http:\/\/blog-conny-dethloff.de\/wp-content\/uploads\/2012\/12\/20140917_Dortmunder-Zukunftskongress_OTTO-BI-Architektur.pdf\"><img loading=\"lazy\" decoding=\"async\" class=\"size-full wp-image-2135 aligncenter\" src=\"http:\/\/blog-conny-dethloff.de\/wp-content\/uploads\/2012\/12\/link.png\" alt=\"link\" width=\"16\" height=\"16\" \/><\/a><a href=\"http:\/\/www.zukunftskongress-logistik.de\/\"><img loading=\"lazy\" decoding=\"async\" class=\"size-full wp-image-2135 aligncenter\" src=\"http:\/\/blog-conny-dethloff.de\/wp-content\/uploads\/2012\/12\/link.png\" alt=\"link\" width=\"16\" height=\"16\" \/><\/a><\/td>\n<\/tr>\n<tr>\n<td style=\"text-align: left;\">Process Excellence Konferenz in Bonn<\/td>\n<td style=\"text-align: left;\">Process Excellence bei personalisierten Marketingstrategien &#8211; Die Realtime Big Data Architektur@OTTO(2015)<\/td>\n<td style=\"text-align: center;\"><a href=\"http:\/\/blog-conny-dethloff.de\/wp-content\/uploads\/2012\/12\/20150128_PEX-Woche-DACH-2015_OTTO-BI-Architektur.pdf\"><img loading=\"lazy\" decoding=\"async\" class=\"size-full wp-image-2135 aligncenter\" src=\"http:\/\/blog-conny-dethloff.de\/wp-content\/uploads\/2012\/12\/link.png\" alt=\"link\" width=\"16\" height=\"16\" \/><\/a><a href=\"http:\/\/www.pex-network.de\/SpeakerInfo.aspx?tp_spkid=116215\"><img loading=\"lazy\" decoding=\"async\" class=\"size-full wp-image-2135 aligncenter\" src=\"http:\/\/blog-conny-dethloff.de\/wp-content\/uploads\/2012\/12\/link.png\" alt=\"link\" width=\"16\" height=\"16\" \/><\/a><\/td>\n<\/tr>\n<tr>\n<td style=\"text-align: left;\">Zukunftskongress Logistik in Dortmund<\/td>\n<td style=\"text-align: left;\">Big Data Strategie f\u00fcr den Online Handel(2015)<\/td>\n<td style=\"text-align: center;\"><a href=\"http:\/\/blog-conny-dethloff.de\/wp-content\/uploads\/2015\/09\/20150909_Dortmunder-Zukunftskongress_Big-Data-Strategie-f\u00fcr-den-Online-Handel.pdf\"><img loading=\"lazy\" decoding=\"async\" class=\"size-full wp-image-2135 aligncenter\" src=\"http:\/\/blog-conny-dethloff.de\/wp-content\/uploads\/2012\/12\/link.png\" alt=\"link\" width=\"16\" height=\"16\" \/><\/a><a href=\"http:\/\/www.zukunftskongress-logistik.de\/\"><img loading=\"lazy\" decoding=\"async\" class=\"size-full wp-image-2135 aligncenter\" src=\"http:\/\/blog-conny-dethloff.de\/wp-content\/uploads\/2012\/12\/link.png\" alt=\"link\" width=\"16\" height=\"16\" \/><\/a><\/td>\n<\/tr>\n<tr>\n<td style=\"text-align: left;\">Die digitale Zukunft der Supply Chain in D\u00fcsseldorf<\/td>\n<td style=\"text-align: left;\">Die digitale Reise von OTTO(2016)<\/td>\n<td style=\"text-align: center;\"><a href=\"http:\/\/blog-conny-dethloff.de\/wp-content\/uploads\/2012\/12\/20160523_D\u00fcsseldorf_Digitale-Supply-Chain_Die-digitale-Reise-von-OTTO.pdf\"><img loading=\"lazy\" decoding=\"async\" class=\"size-full wp-image-2135 aligncenter\" src=\"http:\/\/blog-conny-dethloff.de\/wp-content\/uploads\/2012\/12\/link.png\" alt=\"link\" width=\"16\" height=\"16\" \/><\/a><a href=\"http:\/\/www.managementcircle.de\/va_microsites\/digitale_supply_chain.html?pid=mct_kongress\"><img loading=\"lazy\" decoding=\"async\" class=\"size-full wp-image-2135 aligncenter\" src=\"http:\/\/blog-conny-dethloff.de\/wp-content\/uploads\/2012\/12\/link.png\" alt=\"link\" width=\"16\" height=\"16\" \/><\/a><\/td>\n<\/tr>\n<tr>\n<td style=\"text-align: left;\">\u00d6sterreichischer Logistik-Tag in Linz<\/td>\n<td style=\"text-align: left;\">Die digitale Reise von OTTO(2016)<\/td>\n<td style=\"text-align: center;\"><a href=\"http:\/\/blog-conny-dethloff.de\/wp-content\/uploads\/2012\/12\/20160607_Linz_\u00d6sterreichischer-Logistik-Tag_Die-digitale-Reise-von-OTTO.pdf\"><img loading=\"lazy\" decoding=\"async\" class=\"size-full wp-image-2135 aligncenter\" src=\"http:\/\/blog-conny-dethloff.de\/wp-content\/uploads\/2012\/12\/link.png\" alt=\"link\" width=\"16\" height=\"16\" \/><\/a><a href=\"http:\/\/www.vnl.at\/de\/veranstaltungen\/oesterreichischer_logistik_tag.html\"><img loading=\"lazy\" decoding=\"async\" class=\"size-full wp-image-2135 aligncenter\" src=\"http:\/\/blog-conny-dethloff.de\/wp-content\/uploads\/2012\/12\/link.png\" alt=\"link\" width=\"16\" height=\"16\" \/><\/a><\/td>\n<\/tr>\n<tr>\n<td style=\"text-align: left;\">GVDK Jahreskonferenz in K\u00f6nigstein<\/td>\n<td style=\"text-align: left;\">Komplexit\u00e4tsmanagement bei OTTO (2016)<\/td>\n<td style=\"text-align: center;\"><a href=\"http:\/\/blog-conny-dethloff.de\/wp-content\/uploads\/2012\/12\/20160923_K\u00f6nigstein_GVDK-Jahreskonferenz-2016_Komplexit\u00e4tsmanagement-bei-Otto.pdf\"><img loading=\"lazy\" decoding=\"async\" class=\"size-full wp-image-2135 aligncenter\" src=\"http:\/\/blog-conny-dethloff.de\/wp-content\/uploads\/2012\/12\/link.png\" alt=\"link\" width=\"16\" height=\"16\" \/><\/a><a href=\"http:\/\/www.vernetztesdenken.de\/jahreskonferenz-2016\/\"><img loading=\"lazy\" decoding=\"async\" class=\"size-full wp-image-2135 aligncenter\" src=\"http:\/\/blog-conny-dethloff.de\/wp-content\/uploads\/2012\/12\/link.png\" alt=\"link\" width=\"16\" height=\"16\" \/><\/a><\/td>\n<\/tr>\n<tr>\n<td style=\"text-align: left;\">Logistik-Forum Bodensee in Bregenz<\/td>\n<td style=\"text-align: left;\">Die digitale Reise von OTTO (2016)<\/td>\n<td style=\"text-align: center;\"><a href=\"http:\/\/blog-conny-dethloff.de\/wp-content\/uploads\/2012\/12\/20160929_Bregenz_Logistik-Forum_Die-digitale-Reise-von-OTTO.pdf\"><img loading=\"lazy\" decoding=\"async\" class=\"size-full wp-image-2135 aligncenter\" src=\"http:\/\/blog-conny-dethloff.de\/wp-content\/uploads\/2012\/12\/link.png\" alt=\"link\" width=\"16\" height=\"16\" \/><\/a><a href=\"http:\/\/www.vnl.at\/de\/veranstaltungen\/logistik_forum_bodensee.html\"><img loading=\"lazy\" decoding=\"async\" class=\"size-full wp-image-2135 aligncenter\" src=\"http:\/\/blog-conny-dethloff.de\/wp-content\/uploads\/2012\/12\/link.png\" alt=\"link\" width=\"16\" height=\"16\" \/><\/a><\/td>\n<\/tr>\n<tr>\n<td style=\"text-align: left;\">gfo Jahreskongress f\u00fcr Organisation und Management in D\u00fcsseldorf<\/td>\n<td style=\"text-align: left;\">Die digitale Reise von OTTO (2016)<\/td>\n<td style=\"text-align: center;\"><a href=\"http:\/\/blog-conny-dethloff.de\/wp-content\/uploads\/2012\/12\/20161011_D\u00fcsseldorf_Jahreskongress-f\u00fcr-Organisation-und-Management_Die-digitale-Reise-von-OTTO.pdf\"><img loading=\"lazy\" decoding=\"async\" class=\"size-full wp-image-2135 aligncenter\" src=\"http:\/\/blog-conny-dethloff.de\/wp-content\/uploads\/2012\/12\/link.png\" alt=\"link\" width=\"16\" height=\"16\" \/><\/a><a href=\"http:\/\/www.managementcircle.de\/gfo\"><img loading=\"lazy\" decoding=\"async\" class=\"size-full wp-image-2135 aligncenter\" src=\"http:\/\/blog-conny-dethloff.de\/wp-content\/uploads\/2012\/12\/link.png\" alt=\"link\" width=\"16\" height=\"16\" \/><\/a><\/td>\n<\/tr>\n<tr>\n<td style=\"text-align: left;\">BVMW \u2013 Fachgruppe f\u00fcr Zukunft und Wissensmanagement in Berlin<\/td>\n<td style=\"text-align: left;\">Gesch\u00e4ftsprozesse sind das Ergebnis verzweifelter Trivialisierung der Signale des Marktes (2016)<\/td>\n<td style=\"text-align: center;\"><a href=\"https:\/\/www.xing.com\/communities\/posts\/wissen-und-geschaeftsprozesse-von-effizienz-zu-effektivitaet-am-21-nov-in-berlin-1012179442\"><img loading=\"lazy\" decoding=\"async\" class=\"size-full wp-image-2135 aligncenter\" src=\"http:\/\/blog-conny-dethloff.de\/wp-content\/uploads\/2012\/12\/link.png\" alt=\"link\" width=\"16\" height=\"16\" \/><\/a><\/td>\n<\/tr>\n<tr>\n<td style=\"text-align: left;\">Konferenz &#8220;Lean around the clock&#8221; in Mannheim<\/td>\n<td style=\"text-align: left;\">Agile is out, Viable is in (2017)<\/td>\n<td style=\"text-align: center;\"><a href=\"http:\/\/blog-conny-dethloff.de\/wp-content\/uploads\/2012\/12\/20170210_Mannheim_Lean-around-the-clock_BI@OTTO-Agile-is-out-viable-is-in.pdf\"><img loading=\"lazy\" decoding=\"async\" class=\"size-full wp-image-2135 aligncenter\" src=\"http:\/\/blog-conny-dethloff.de\/wp-content\/uploads\/2012\/12\/link.png\" alt=\"link\" width=\"16\" height=\"16\" \/><\/a><a href=\"http:\/\/www.leanaroundtheclock.de\/event-latc2017\/\"><img loading=\"lazy\" decoding=\"async\" class=\"size-full wp-image-2135 aligncenter\" src=\"http:\/\/blog-conny-dethloff.de\/wp-content\/uploads\/2012\/12\/link.png\" alt=\"link\" width=\"16\" height=\"16\" \/><\/a><\/td>\n<\/tr>\n<tr>\n<td style=\"text-align: left;\">Konferenz &#8220;PM Tage 2017&#8221; in M\u00fcnchen<\/td>\n<td style=\"text-align: left;\">Projekte? Haben wir abgeschafft \u2013 Ein Bericht der digitalen Reise von OTTO (2017)<\/td>\n<td style=\"text-align: center;\"><a href=\"http:\/\/blog-conny-dethloff.de\/wp-content\/uploads\/2012\/12\/20170322_Conny-Dethloff_Ein-Bericht-der-digitalen-Reise-von-OTTO.pdf\"><img loading=\"lazy\" decoding=\"async\" class=\"size-full wp-image-2135 aligncenter\" src=\"http:\/\/blog-conny-dethloff.de\/wp-content\/uploads\/2012\/12\/link.png\" alt=\"link\" width=\"16\" height=\"16\" \/><\/a><a href=\"http:\/\/www.pmtage.de\/home\/\"><img loading=\"lazy\" decoding=\"async\" class=\"size-full wp-image-2135 aligncenter\" src=\"http:\/\/blog-conny-dethloff.de\/wp-content\/uploads\/2012\/12\/link.png\" alt=\"link\" width=\"16\" height=\"16\" \/><\/a><\/td>\n<\/tr>\n<tr>\n<td style=\"text-align: left;\">Konferenz &#8220;HAPPYPROJECTS 2017&#8221; in Wien<\/td>\n<td style=\"text-align: left;\">Projekte? Haben wir abgeschafft \u2013 Ein Bericht der digitalen Reise von OTTO (2017)<\/td>\n<td style=\"text-align: center;\"><a href=\"http:\/\/blog-conny-dethloff.de\/wp-content\/uploads\/2012\/12\/20170518_Conny-Dethloff_Ein-Bericht-der-digitalen-Reise-von-OTTO.pdf\"><img loading=\"lazy\" decoding=\"async\" class=\"size-full wp-image-2135 aligncenter\" src=\"http:\/\/blog-conny-dethloff.de\/wp-content\/uploads\/2012\/12\/link.png\" alt=\"link\" width=\"16\" height=\"16\" \/><\/a><a href=\"https:\/\/www.rolandgareis.com\/happyprojects\/\"><img loading=\"lazy\" decoding=\"async\" class=\"size-full wp-image-2135 aligncenter\" src=\"http:\/\/blog-conny-dethloff.de\/wp-content\/uploads\/2012\/12\/link.png\" alt=\"link\" width=\"16\" height=\"16\" \/><\/a><\/td>\n<\/tr>\n<tr>\n<td style=\"text-align: left;\">BI Stammtisch in Hamburg<\/td>\n<td style=\"text-align: left;\">BI@OTTO: Agile is out, Viable is in (2017)<\/td>\n<td style=\"text-align: center;\"><a href=\"http:\/\/blog-conny-dethloff.de\/wp-content\/uploads\/2012\/12\/20170607_Conny-Dethloff_Ein-Bericht-der-digitalen-Reise-von-OTTO.pdf\"><img loading=\"lazy\" decoding=\"async\" class=\"size-full wp-image-2135 aligncenter\" src=\"http:\/\/blog-conny-dethloff.de\/wp-content\/uploads\/2012\/12\/link.png\" alt=\"link\" width=\"16\" height=\"16\" \/><\/a><a href=\"https:\/\/www.xing.com\/events\/9-bi-stammtisch-hamburg-1817355?sc_o=si1942_com\"><img loading=\"lazy\" decoding=\"async\" class=\"size-full wp-image-2135 aligncenter\" src=\"http:\/\/blog-conny-dethloff.de\/wp-content\/uploads\/2012\/12\/link.png\" alt=\"link\" width=\"16\" height=\"16\" \/><\/a><\/td>\n<\/tr>\n<tr>\n<td style=\"text-align: left;\">TDWI Konferenz in M\u00fcnchen<\/td>\n<td style=\"text-align: left;\">BI@OTTO: Agile is out, Viable is in (2017)<\/td>\n<td style=\"text-align: center;\"><a href=\"http:\/\/blog-conny-dethloff.de\/wp-content\/uploads\/2012\/12\/20170627_Conny-Dethloff_Ein-Bericht-der-digitalen-Reise-von-OTTO.pdf\"><img loading=\"lazy\" decoding=\"async\" class=\"size-full wp-image-2135 aligncenter\" src=\"http:\/\/blog-conny-dethloff.de\/wp-content\/uploads\/2012\/12\/link.png\" alt=\"link\" width=\"16\" height=\"16\" \/><\/a><a href=\"http:\/\/www.tdwi-konferenz.de\/tdwi2017.html\"><img loading=\"lazy\" decoding=\"async\" class=\"size-full wp-image-2135 aligncenter\" src=\"http:\/\/blog-conny-dethloff.de\/wp-content\/uploads\/2012\/12\/link.png\" alt=\"link\" width=\"16\" height=\"16\" \/><\/a><\/td>\n<\/tr>\n<tr>\n<td style=\"text-align: left;\">Lean &amp; Agile Day Siemens in N\u00fcrnberg<\/td>\n<td style=\"text-align: left;\">F\u00fchrung als Mehrwertgenerierer (2017)<\/td>\n<td style=\"text-align: center;\"><a href=\"http:\/\/blog-conny-dethloff.de\/wp-content\/uploads\/2012\/12\/20170717_N\u00fcrnberg_F\u00fchrung-als-Mehrwertgenerierer.pdf\"><img loading=\"lazy\" decoding=\"async\" class=\"size-full wp-image-2135 aligncenter\" src=\"http:\/\/blog-conny-dethloff.de\/wp-content\/uploads\/2012\/12\/link.png\" alt=\"link\" width=\"16\" height=\"16\" \/><\/a><\/td>\n<\/tr>\n<tr>\n<td style=\"text-align: left;\">Next Economy Open 17x<\/td>\n<td style=\"text-align: left;\">Arbeiten in Zeiten der Digitalisierung (2017)<\/td>\n<td style=\"text-align: center;\"><a href=\"https:\/\/blog-conny-dethloff.de\/wp-content\/uploads\/2017\/11\/NEOx17-Arbeiten-in-Zeiten-der-Digitalisierung-Conny-Dethloff.pdf\"><img loading=\"lazy\" decoding=\"async\" class=\"size-full wp-image-2135 aligncenter\" src=\"http:\/\/blog-conny-dethloff.de\/wp-content\/uploads\/2012\/12\/link.png\" alt=\"link\" width=\"16\" height=\"16\" \/><\/a><a href=\"https:\/\/ichsagmal.com\/2017\/11\/12\/management-jenseits-von-mechanistischen-kennzahlen-neo17x-session-von-condet020274\/\"><img loading=\"lazy\" decoding=\"async\" class=\"size-full wp-image-2135 aligncenter\" src=\"http:\/\/blog-conny-dethloff.de\/wp-content\/uploads\/2012\/12\/link.png\" alt=\"link\" width=\"16\" height=\"16\" \/><\/a><\/td>\n<\/tr>\n<tr>\n<td style=\"text-align: left;\">BMW Agile Day in M\u00fcnchen<\/td>\n<td style=\"text-align: left;\">Die digitale Reise von BI@OTTO \u2013 Digitalisierung gelingt, wenn Buzzwords verdammt werden (2018)<\/td>\n<td style=\"text-align: center;\"><a href=\"http:\/\/blog-conny-dethloff.de\/wp-content\/uploads\/2018\/01\/Sketchnote-vom-Vortrag.jpg\"><img loading=\"lazy\" decoding=\"async\" class=\"size-full wp-image-2135 aligncenter\" src=\"http:\/\/blog-conny-dethloff.de\/wp-content\/uploads\/2012\/12\/link.png\" alt=\"link\" width=\"16\" height=\"16\" \/><\/a><\/td>\n<\/tr>\n<tr>\n<td style=\"text-align: left;\">nextpractice Forum<\/td>\n<td style=\"text-align: left;\">F\u00fchrung im digitalen Zeitalter \u2013 Vom Engpass zum Wertgenerierer (2018)<\/td>\n<td style=\"text-align: center;\"><a href=\"https:\/\/youtu.be\/BujDuBQjagc\"><img loading=\"lazy\" decoding=\"async\" class=\"size-full wp-image-2135 aligncenter\" src=\"http:\/\/blog-conny-dethloff.de\/wp-content\/uploads\/2012\/12\/link.png\" alt=\"link\" width=\"16\" height=\"16\" \/><\/a><\/td>\n<\/tr>\n<tr>\n<td style=\"text-align: left;\">Lean around the clock 2018 in Mannheim<\/td>\n<td style=\"text-align: left;\">BI@OTTO: Lean? Agil? \u2013 Einfach machen (2018)<\/td>\n<td style=\"text-align: center;\"><a href=\"http:\/\/blog-conny-dethloff.de\/wp-content\/uploads\/2018\/03\/20180309_Mannheim_Lean-around-the-clock_BI@OTTO.pdf\"><img loading=\"lazy\" decoding=\"async\" class=\"size-full wp-image-2135 aligncenter\" src=\"http:\/\/blog-conny-dethloff.de\/wp-content\/uploads\/2012\/12\/link.png\" alt=\"link\" width=\"16\" height=\"16\" \/><\/a><\/td>\n<\/tr>\n<tr>\n<td style=\"text-align: left;\">PM Welt 2018 in M\u00fcnchen<\/td>\n<td style=\"text-align: left;\">BI@OTTO &#8211; Vom Projektportfolio- zum Produktmanagement (2018)<\/td>\n<td style=\"text-align: center;\"><a href=\"http:\/\/blog-conny-dethloff.de\/wp-content\/uploads\/2018\/03\/20180313_Conny-Dethloff_BI@OTTO-Vom-Projektportfolio-zum-Produktmanagement.pdf\"><img loading=\"lazy\" decoding=\"async\" class=\"size-full wp-image-2135 aligncenter\" src=\"http:\/\/blog-conny-dethloff.de\/wp-content\/uploads\/2012\/12\/link.png\" alt=\"link\" width=\"16\" height=\"16\" \/><\/a><\/td>\n<\/tr>\n<tr>\n<td style=\"text-align: left;\">Deutsche Messe AG &#8211; Digital Breakfast 2018 in Hannover<\/td>\n<td style=\"text-align: left;\">Warum Daten das neue Roh\u00f6l sind &#8211; und Menschen \u00fcber Erfolg und Misserfolg entscheiden (2018)<\/td>\n<td style=\"text-align: center;\"><a href=\"http:\/\/blog-conny-dethloff.de\/wp-content\/uploads\/2018\/05\/20180530_Conny-Dethloff_Warum-Daten-das-neue-Roh\u00f6l-sind.pdf\"><img loading=\"lazy\" decoding=\"async\" class=\"size-full wp-image-2135 aligncenter\" src=\"http:\/\/blog-conny-dethloff.de\/wp-content\/uploads\/2012\/12\/link.png\" alt=\"link\" width=\"16\" height=\"16\" \/><\/a><\/td>\n<\/tr>\n<tr>\n<td style=\"text-align: left;\">Prozess-Management Konferenz in Wien<\/td>\n<td style=\"text-align: left;\">BI@OTTO &#8211; Eine Reisebericht zum Kulturwandel (2018)<\/td>\n<td style=\"text-align: center;\"><a href=\"http:\/\/blog-conny-dethloff.de\/wp-content\/uploads\/2018\/06\/20180607_Conny-Dethloff_BI@OTTO-Reisebericht-zum-Kulturwandel.pdf\"><img loading=\"lazy\" decoding=\"async\" class=\"size-full wp-image-2135 aligncenter\" src=\"http:\/\/blog-conny-dethloff.de\/wp-content\/uploads\/2012\/12\/link.png\" alt=\"link\" width=\"16\" height=\"16\" \/><\/a><\/td>\n<\/tr>\n<tr>\n<td style=\"text-align: left;\">11. Praxisforum f\u00fcr Prozess-, Projekt- und IT-Management in H\u00f6hr-Grenzhausen<\/td>\n<td style=\"text-align: left;\">BI@OTTO &#8211; Vom Projekt- zum Produktmanagement (2018)<\/td>\n<td style=\"text-align: center;\"><a href=\"http:\/\/blog-conny-dethloff.de\/wp-content\/uploads\/2018\/06\/20180613_Conny-Dethloff_BI@OTTO-Vom-Projekt-zum-Produktmanagement.pdf\"><img loading=\"lazy\" decoding=\"async\" class=\"size-full wp-image-2135 aligncenter\" src=\"http:\/\/blog-conny-dethloff.de\/wp-content\/uploads\/2012\/12\/link.png\" alt=\"link\" width=\"16\" height=\"16\" \/><\/a><\/td>\n<\/tr>\n<tr>\n<td style=\"text-align: left;\">Best Practice Day in Darmstadt<\/td>\n<td style=\"text-align: left;\">BI@OTTO &#8211; Lean? Agil? Einfach machen<sup>2<\/sup> (2018)<\/td>\n<td style=\"text-align: center;\"><a href=\"http:\/\/blog-conny-dethloff.de\/wp-content\/uploads\/2018\/07\/18.00-OTTO.-Lean-agil-einfach-machen-hoch-2.pdf\"><img loading=\"lazy\" decoding=\"async\" class=\"size-full wp-image-2135 aligncenter\" src=\"http:\/\/blog-conny-dethloff.de\/wp-content\/uploads\/2012\/12\/link.png\" alt=\"link\" width=\"16\" height=\"16\" \/><\/a><\/td>\n<\/tr>\n<tr>\n<td style=\"text-align: left;\">F\u00fchrungskr\u00e4ftekongress Digitale Transformation und Innovation in Frankfurt<\/td>\n<td style=\"text-align: left;\">Digital Leadership &#8211; Was bedeutet das? (2018)<\/td>\n<td style=\"text-align: center;\"><a href=\"http:\/\/blog-conny-dethloff.de\/wp-content\/uploads\/2018\/08\/Digitale-Transformation-und-Innovation-2018_Digital-Leadership-Was-bedeutet-das_Dethloff.pdf\"><img loading=\"lazy\" decoding=\"async\" class=\"size-full wp-image-2135 aligncenter\" src=\"http:\/\/blog-conny-dethloff.de\/wp-content\/uploads\/2012\/12\/link.png\" alt=\"link\" width=\"16\" height=\"16\" \/><\/a><\/td>\n<\/tr>\n<tr>\n<td style=\"text-align: left;\">Vodafone VF Upload in D\u00fcsseldorf<\/td>\n<td style=\"text-align: left;\">Scaling Agile (2018)<\/td>\n<td style=\"text-align: center;\"><a href=\"http:\/\/blog-conny-dethloff.de\/wp-content\/uploads\/2018\/09\/Vodafone-VF-Upload_Scaling-Agile_Dethloff.pdf\"><img loading=\"lazy\" decoding=\"async\" class=\"size-full wp-image-2135 aligncenter\" src=\"http:\/\/blog-conny-dethloff.de\/wp-content\/uploads\/2012\/12\/link.png\" alt=\"link\" width=\"16\" height=\"16\" \/><\/a><\/td>\n<\/tr>\n<tr>\n<td style=\"text-align: left;\">PM Camp Berlin<\/td>\n<td style=\"text-align: left;\">Die digitale Transformation bei BI@OTTO (2018)<\/td>\n<td style=\"text-align: center;\"><a href=\"http:\/\/blog-conny-dethloff.de\/wp-content\/uploads\/2018\/09\/PM-Camp-Berlin-2018_Transformation-bei-OTTO_Dethloff.pdf\"><img loading=\"lazy\" decoding=\"async\" class=\"size-full wp-image-2135 aligncenter\" src=\"http:\/\/blog-conny-dethloff.de\/wp-content\/uploads\/2012\/12\/link.png\" alt=\"link\" width=\"16\" height=\"16\" \/><\/a><\/td>\n<\/tr>\n<tr>\n<td style=\"text-align: left;\">Vodafone: &#8220;Passion for Projects&#8221; in D\u00fcsseldorf<\/td>\n<td style=\"text-align: left;\">BI@OTTO: Projekte? &#8211; Hindern uns am Generieren von Wert (2018)<\/td>\n<td style=\"text-align: center;\"><a href=\"http:\/\/blog-conny-dethloff.de\/wp-content\/uploads\/2018\/09\/Vodafone_Passion-for-Projects_Projekte-hindern_Dethloff.pdf\"><img loading=\"lazy\" decoding=\"async\" class=\"size-full wp-image-2135 aligncenter\" src=\"http:\/\/blog-conny-dethloff.de\/wp-content\/uploads\/2012\/12\/link.png\" alt=\"link\" width=\"16\" height=\"16\" \/><\/a><\/td>\n<\/tr>\n<tr>\n<td style=\"text-align: left;\">hmmh Multimedia AG: B2X Event in Hamburg<\/td>\n<td style=\"text-align: left;\">Striktes Managen nach Daten ist wie Malen nach Zahlen (2018)<\/td>\n<td style=\"text-align: center;\"><a href=\"http:\/\/blog-conny-dethloff.de\/wp-content\/uploads\/2018\/11\/20181024_Conny-Dethloff_Striktes-Managen-nach-Daten-ist-wie-Malen-nach-Zahlen.pdf\"><img loading=\"lazy\" decoding=\"async\" class=\"size-full wp-image-2135 aligncenter\" src=\"http:\/\/blog-conny-dethloff.de\/wp-content\/uploads\/2012\/12\/link.png\" alt=\"link\" width=\"16\" height=\"16\" \/><\/a><\/td>\n<\/tr>\n<tr>\n<td style=\"text-align: left;\">ToC Anwenderkonferenz in Leimen<\/td>\n<td style=\"text-align: left;\">BI@OTTO: Einsatz des ToC Denkrahmens (2018)<\/td>\n<td style=\"text-align: center;\"><a href=\"http:\/\/blog-conny-dethloff.de\/wp-content\/uploads\/2018\/11\/ToC-Anwenderkonferenz_OTTO_Dethloff.pdf\"><img loading=\"lazy\" decoding=\"async\" class=\"size-full wp-image-2135 aligncenter\" src=\"http:\/\/blog-conny-dethloff.de\/wp-content\/uploads\/2012\/12\/link.png\" alt=\"link\" width=\"16\" height=\"16\" \/><\/a><\/td>\n<\/tr>\n<tr>\n<td style=\"text-align: left;\">Data Leader Days in Berlin<\/td>\n<td style=\"text-align: left;\">BI@OTTO: Daten kennen das WAS, aber nicht das WARUM (2018)<\/td>\n<td style=\"text-align: center;\"><a href=\"http:\/\/blog-conny-dethloff.de\/wp-content\/uploads\/2018\/11\/20181114_Conny-Dethloff_BI@OTTO-Daten-kennen-das-WAS-aber-nicht-das-WARUM.pdf\"><img loading=\"lazy\" decoding=\"async\" class=\"size-full wp-image-2135 aligncenter\" src=\"http:\/\/blog-conny-dethloff.de\/wp-content\/uploads\/2012\/12\/link.png\" alt=\"link\" width=\"16\" height=\"16\" \/><\/a><\/td>\n<\/tr>\n<tr>\n<td style=\"text-align: left;\">3. Neujahrsempfang Unfallkasse Mecklenburg-Vorpmmern in Rotstock<\/td>\n<td style=\"text-align: left;\">Best Practice | Optimale F\u00fchrung &#8211; So kann`s gehen (2019)<\/td>\n<td style=\"text-align: center;\"><a href=\"http:\/\/blog-conny-dethloff.de\/wp-content\/uploads\/2019\/01\/3.-Neujahrsempfang-Unfallkasse-MV-2019_Best-Practice-Optimale-F\u00fchrung_Dethloff.pdf\"><img loading=\"lazy\" decoding=\"async\" class=\"size-full wp-image-2135 aligncenter\" src=\"http:\/\/blog-conny-dethloff.de\/wp-content\/uploads\/2012\/12\/link.png\" alt=\"link\" width=\"16\" height=\"16\" \/><\/a><\/td>\n<\/tr>\n<tr>\n<td style=\"text-align: left;\">6. Jahresforum Process EXcellence DACH 2019 in Berlin<\/td>\n<td style=\"text-align: left;\">BI@OTTO: Vom Prozess zum Produkt (2019)<\/td>\n<td style=\"text-align: center;\"><a href=\"http:\/\/blog-conny-dethloff.de\/wp-content\/uploads\/2019\/01\/PEX-DACH-2019_Vom-Prozess-zum-Produkt_OTTO_Dethloff.pdf\"><img loading=\"lazy\" decoding=\"async\" class=\"size-full wp-image-2135 aligncenter\" src=\"http:\/\/blog-conny-dethloff.de\/wp-content\/uploads\/2012\/12\/link.png\" alt=\"link\" width=\"16\" height=\"16\" \/><\/a><\/td>\n<\/tr>\n<tr>\n<td style=\"text-align: left;\">CPOs@BPM&amp;O Konferenz 2019 in K\u00f6ln<\/td>\n<td style=\"text-align: left;\">Digitalisierung gelingt wenn Buzzwords verdammt werden (2019)<\/td>\n<td style=\"text-align: center;\"><a href=\"http:\/\/blog-conny-dethloff.de\/wp-content\/uploads\/2019\/03\/CPOs@BPMO-2019_Digitalisierung-gelingt-wenn-Buzzwords-verdammt-werden_Dethloff.pdf\"><img loading=\"lazy\" decoding=\"async\" class=\"size-full wp-image-2135 aligncenter\" src=\"http:\/\/blog-conny-dethloff.de\/wp-content\/uploads\/2012\/12\/link.png\" alt=\"link\" width=\"16\" height=\"16\" \/><\/a><a href=\"http:\/\/blog-conny-dethloff.de\/wp-content\/uploads\/2019\/03\/Graphical-Recording.jpg\"><img loading=\"lazy\" decoding=\"async\" class=\"size-full wp-image-2135 aligncenter\" src=\"http:\/\/blog-conny-dethloff.de\/wp-content\/uploads\/2012\/12\/link.png\" alt=\"link\" width=\"16\" height=\"16\" \/><\/a><\/td>\n<\/tr>\n<tr>\n<td style=\"text-align: left;\">Otto Group Best Practice Club New Leadership 2019 in Hamburg<\/td>\n<td style=\"text-align: left;\">Ich bin doch schon agil, oder? \u2013 Mythen und Wahrheiten \u00fcber agile F\u00fchrung (2019)<\/td>\n<td style=\"text-align: center;\"><a href=\"http:\/\/blog-conny-dethloff.de\/wp-content\/uploads\/2019\/06\/20190619_Conny-Dethloff_Otto-Group-Best-Practice-Club-New-Leadership.pdf\"><img loading=\"lazy\" decoding=\"async\" class=\"size-full wp-image-2135 aligncenter\" src=\"http:\/\/blog-conny-dethloff.de\/wp-content\/uploads\/2012\/12\/link.png\" alt=\"link\" width=\"16\" height=\"16\" \/><\/a><\/td>\n<\/tr>\n<tr>\n<td style=\"text-align: left;\">BMU zu Gast bei Otto in Hamburg<\/td>\n<td style=\"text-align: left;\">Agile Organisationsentwicklung: Warum ein Hype und was macht die Umsetzung so schwer? (2019)<\/td>\n<td style=\"text-align: center;\"><a href=\"http:\/\/blog-conny-dethloff.de\/wp-content\/uploads\/2019\/07\/20190703_Conny-Dethloff_BMU-Besuch_Agile-Organisationsentwicklung.pdf\"><img loading=\"lazy\" decoding=\"async\" class=\"size-full wp-image-2135 aligncenter\" src=\"http:\/\/blog-conny-dethloff.de\/wp-content\/uploads\/2012\/12\/link.png\" alt=\"link\" width=\"16\" height=\"16\" \/><\/a><\/td>\n<\/tr>\n<tr>\n<td style=\"text-align: left;\">Product Owner Camp 2019 in Frankfurt<\/td>\n<td style=\"text-align: left;\">Mehr &#8220;Mensch&#8221; und weniger &#8220;Product Owner&#8221; gesucht (2019)<\/td>\n<td style=\"text-align: center;\"><a href=\"http:\/\/blog-conny-dethloff.de\/wp-content\/uploads\/2019\/09\/20190831_Conny-Dethloff_Product-Owner-Camp-2019.pdf\"><img loading=\"lazy\" decoding=\"async\" class=\"size-full wp-image-2135 aligncenter\" src=\"http:\/\/blog-conny-dethloff.de\/wp-content\/uploads\/2012\/12\/link.png\" alt=\"link\" width=\"16\" height=\"16\" \/><\/a><\/td>\n<\/tr>\n<tr>\n<td style=\"text-align: left;\">Agile IT Projects in Berlin<\/td>\n<td style=\"text-align: left;\">Business Systemics &#8211; Unternehmen NEU denken und gestalten (2019)<\/td>\n<td style=\"text-align: center;\"><a href=\"http:\/\/blog-conny-dethloff.de\/wp-content\/uploads\/2019\/11\/20191121_Agile-IT-projects_Conny-Dethloff_Unternehmen-NEU-denken.pdf\"><img loading=\"lazy\" decoding=\"async\" class=\"size-full wp-image-2135 aligncenter\" src=\"http:\/\/blog-conny-dethloff.de\/wp-content\/uploads\/2012\/12\/link.png\" alt=\"link\" width=\"16\" height=\"16\" \/><\/a><\/td>\n<\/tr>\n<tr>\n<td style=\"text-align: left;\">New Work Event f\u00fcr Ingenieure (#nwing) in D\u00fcsseldorf<\/td>\n<td style=\"text-align: left;\">Business Systemics &#8211; Unternehmen NEU denken und gestalten (2019)<\/td>\n<td style=\"text-align: center;\"><a href=\"http:\/\/blog-conny-dethloff.de\/wp-content\/uploads\/2020\/04\/20191126_nwing_Conny-Dethloff_Unternehmen-NEU-denken.pdf\"><img loading=\"lazy\" decoding=\"async\" class=\"size-full wp-image-2135 aligncenter\" src=\"http:\/\/blog-conny-dethloff.de\/wp-content\/uploads\/2012\/12\/link.png\" alt=\"link\" width=\"16\" height=\"16\" \/><\/a><\/td>\n<\/tr>\n<tr>\n<td style=\"text-align: left;\">gat|wat in K\u00f6ln<\/td>\n<td style=\"text-align: left;\">Purpose Leadership &#8211; Leading by example (2019)<\/td>\n<td style=\"text-align: center;\"><a href=\"http:\/\/blog-conny-dethloff.de\/wp-content\/uploads\/2020\/04\/20191128_Conny-Dethloff_Purpose-Leadership-Leading-by-example.pdf\"><img loading=\"lazy\" decoding=\"async\" class=\"size-full wp-image-2135 aligncenter\" src=\"http:\/\/blog-conny-dethloff.de\/wp-content\/uploads\/2012\/12\/link.png\" alt=\"link\" width=\"16\" height=\"16\" \/><\/a><\/td>\n<\/tr>\n<tr>\n<td style=\"text-align: left;\">GPM Online Zoom Event<\/td>\n<td style=\"text-align: left;\">Business Systemics \u2013 Unternehmen NEU denken (2020)<\/td>\n<td style=\"text-align: center;\"><a href=\"http:\/\/blog-conny-dethloff.de\/wp-content\/uploads\/2020\/04\/GPM_Business-Systemics-Conny-Dethloff-12.pdf\"><img loading=\"lazy\" decoding=\"async\" class=\"size-full wp-image-2135 aligncenter\" src=\"http:\/\/blog-conny-dethloff.de\/wp-content\/uploads\/2012\/12\/link.png\" alt=\"link\" width=\"16\" height=\"16\" \/><\/a><\/td>\n<\/tr>\n<tr>\n<td style=\"text-align: left;\">Denkraum-F\u00fchrung<\/td>\n<td style=\"text-align: left;\">F\u00fchrung in \u00dcbergangszeiten (2020)<\/td>\n<td style=\"text-align: center;\"><a href=\"http:\/\/blog-conny-dethloff.de\/wp-content\/uploads\/2020\/05\/Denkraum-Fuehrung_Herstellen-von-Balance-zwischen-Geben-und-Nehmen.pdf\"><img loading=\"lazy\" decoding=\"async\" class=\"size-full wp-image-2135 aligncenter\" src=\"http:\/\/blog-conny-dethloff.de\/wp-content\/uploads\/2012\/12\/link.png\" alt=\"link\" width=\"16\" height=\"16\" \/><\/a><\/td>\n<\/tr>\n<tr>\n<td style=\"text-align: left;\">LeanStammtisch Mannheim<\/td>\n<td style=\"text-align: left;\">Lean vs. Agile (2020)<\/td>\n<td style=\"text-align: center;\"><a href=\"http:\/\/blog-conny-dethloff.de\/wp-content\/uploads\/2020\/05\/LeanStammtisch-Mannheim-Lean-vs.-Agile.pdf\"><img loading=\"lazy\" decoding=\"async\" class=\"size-full wp-image-2135 aligncenter\" src=\"http:\/\/blog-conny-dethloff.de\/wp-content\/uploads\/2012\/12\/link.png\" alt=\"link\" width=\"16\" height=\"16\" \/><\/a><\/td>\n<\/tr>\n<tr>\n<td style=\"text-align: left;\">DENK.bar bei VW<\/td>\n<td style=\"text-align: left;\">Purpose Driven Organization (2020)<\/td>\n<td style=\"text-align: center;\"><a href=\"http:\/\/blog-conny-dethloff.de\/wp-content\/uploads\/2020\/06\/DENK.bar-Purpose-Driven-Organization.pdf\"><img loading=\"lazy\" decoding=\"async\" class=\"size-full wp-image-2135 aligncenter\" src=\"http:\/\/blog-conny-dethloff.de\/wp-content\/uploads\/2012\/12\/link.png\" alt=\"link\" width=\"16\" height=\"16\" \/><\/a><\/td>\n<\/tr>\n<tr>\n<td style=\"text-align: left;\">XING Puls<\/td>\n<td style=\"text-align: left;\">Warum Initiativen im Kontext New Work so oft zum Business Theater verkommen (2020)<\/td>\n<td style=\"text-align: center;\"><a href=\"http:\/\/blog-conny-dethloff.de\/wp-content\/uploads\/2020\/06\/XING-Puls-Warum-Initiativen-im-Kontext-New-Work-so-oft-zum-Business-Theater-verkommen.pdf\"><img loading=\"lazy\" decoding=\"async\" class=\"size-full wp-image-2135 aligncenter\" src=\"http:\/\/blog-conny-dethloff.de\/wp-content\/uploads\/2012\/12\/link.png\" alt=\"link\" width=\"16\" height=\"16\" \/><\/a><\/td>\n<\/tr>\n<tr>\n<td style=\"text-align: left;\">Ministry Group: Learning Journey bei der Toll Collect GmbH<\/td>\n<td style=\"text-align: left;\">Organisationales Entscheiden: Einblicke in meinen Werkzeugkasten (2020)<\/td>\n<td style=\"text-align: center;\"><a href=\"http:\/\/blog-conny-dethloff.de\/wp-content\/uploads\/2020\/06\/Ministry-Group-Learning-Journey-Entscheiden_Conny-Dethloff.pdf\"><img loading=\"lazy\" decoding=\"async\" class=\"size-full wp-image-2135 aligncenter\" src=\"http:\/\/blog-conny-dethloff.de\/wp-content\/uploads\/2012\/12\/link.png\" alt=\"link\" width=\"16\" height=\"16\" \/><\/a><\/td>\n<\/tr>\n<tr>\n<td style=\"text-align: left;\">ReThink &#8211; Thinking in the digital age<\/td>\n<td style=\"text-align: left;\">Unternehmen NEU denken (2020)<\/td>\n<td style=\"text-align: center;\"><a href=\"https:\/\/rethink.one\/25-august-2020-conny-dethloff\/\"><img loading=\"lazy\" decoding=\"async\" class=\"size-full wp-image-2135 aligncenter\" src=\"http:\/\/blog-conny-dethloff.de\/wp-content\/uploads\/2012\/12\/link.png\" alt=\"link\" width=\"16\" height=\"16\" \/><\/a><\/td>\n<\/tr>\n<tr>\n<td style=\"text-align: left;\">Bonprix Barcamp<\/td>\n<td style=\"text-align: left;\">F\u00fchren hat die Aufgabe eine \u201egute\u201c Balance zwischen Geben und Nehmen herzustellen (2020)<\/td>\n<td style=\"text-align: center;\"><a href=\"http:\/\/blog-conny-dethloff.de\/wp-content\/uploads\/2020\/09\/Bonprix-Impuls-zu-Leadership-Conny-Dethloff.pdf\"><img loading=\"lazy\" decoding=\"async\" class=\"size-full wp-image-2135 aligncenter\" src=\"http:\/\/blog-conny-dethloff.de\/wp-content\/uploads\/2012\/12\/link.png\" alt=\"link\" width=\"16\" height=\"16\" \/><\/a><\/td>\n<\/tr>\n<tr>\n<td style=\"text-align: left;\">BWI Agile Summit<\/td>\n<td style=\"text-align: left;\">Unternehmen NEU denken (2020)<\/td>\n<td style=\"text-align: center;\"><a href=\"http:\/\/blog-conny-dethloff.de\/wp-content\/uploads\/2020\/09\/BWI-Agile-Summit-Workshop-Unternehmen-NEU-denken-Conny-Dethloff.pdf\"><img loading=\"lazy\" decoding=\"async\" class=\"size-full wp-image-2135 aligncenter\" src=\"http:\/\/blog-conny-dethloff.de\/wp-content\/uploads\/2012\/12\/link.png\" alt=\"link\" width=\"16\" height=\"16\" \/><\/a><\/td>\n<\/tr>\n<tr>\n<td style=\"text-align: left;\">HAPPYPROJECTS 2020<\/td>\n<td style=\"text-align: left;\">New Work: Ein Rufen in die Leere (2020)<\/td>\n<td style=\"text-align: center;\"><a href=\"http:\/\/blog-conny-dethloff.de\/wp-content\/uploads\/2020\/09\/HP20-New-Work_Ein-Rufen-in-die-Leere-Conny-Dethloff.pdf\"><img loading=\"lazy\" decoding=\"async\" class=\"size-full wp-image-2135 aligncenter\" src=\"http:\/\/blog-conny-dethloff.de\/wp-content\/uploads\/2012\/12\/link.png\" alt=\"link\" width=\"16\" height=\"16\" \/><\/a><\/td>\n<\/tr>\n<tr>\n<td style=\"text-align: left;\">Digital Health 4 Digital Workers<\/td>\n<td style=\"text-align: left;\">Digitalisierung ist mehr als &#8220;0&#8221; und &#8220;1&#8221; (2020)<\/td>\n<td style=\"text-align: center;\"><a href=\"http:\/\/blog-conny-dethloff.de\/wp-content\/uploads\/2020\/10\/Digital-Health-4-Digital-Workers-Impuls-zu-Fu\u0308hrung-Conny-Dethloff.pdf\"><img loading=\"lazy\" decoding=\"async\" class=\"size-full wp-image-2135 aligncenter\" src=\"http:\/\/blog-conny-dethloff.de\/wp-content\/uploads\/2012\/12\/link.png\" alt=\"link\" width=\"16\" height=\"16\" \/><\/a><\/td>\n<\/tr>\n<tr>\n<td style=\"text-align: left;\">Change Camp 2020<\/td>\n<td style=\"text-align: left;\">Myth Buster: New Work, Purpose, \u2026 (2020)<\/td>\n<td style=\"text-align: center;\"><a href=\"http:\/\/blog-conny-dethloff.de\/wp-content\/uploads\/2020\/10\/CC2020-Myth-Buster_New-Work-Purpose-Kundenzentrierung-Conny-Dethloff.pdf\"><img loading=\"lazy\" decoding=\"async\" class=\"size-full wp-image-2135 aligncenter\" src=\"http:\/\/blog-conny-dethloff.de\/wp-content\/uploads\/2012\/12\/link.png\" alt=\"link\" width=\"16\" height=\"16\" \/><\/a><\/td>\n<\/tr>\n<tr>\n<td style=\"text-align: left;\">projektmagazin Websession<\/td>\n<td style=\"text-align: left;\">Event Storming \u2013 Erfolgreiche Transformation mit Kundenzentrierung (2020)<\/td>\n<td style=\"text-align: center;\"><a href=\"http:\/\/blog-conny-dethloff.de\/wp-content\/uploads\/2020\/11\/PM-Websession-Event-Storming.pdf\"><img loading=\"lazy\" decoding=\"async\" class=\"size-full wp-image-2135 aligncenter\" src=\"http:\/\/blog-conny-dethloff.de\/wp-content\/uploads\/2012\/12\/link.png\" alt=\"link\" width=\"16\" height=\"16\" \/><\/a><\/td>\n<\/tr>\n<tr>\n<td style=\"text-align: left;\">Graduate Campus Hochschule Aalen<\/td>\n<td style=\"text-align: left;\">Unternehmen NEU denken (2020)<\/td>\n<td style=\"text-align: center;\"><a href=\"http:\/\/blog-conny-dethloff.de\/wp-content\/uploads\/2020\/11\/Hochschule-Aalen-Unternehmen-NEU-denken.pdf\"><img loading=\"lazy\" decoding=\"async\" class=\"size-full wp-image-2135 aligncenter\" src=\"http:\/\/blog-conny-dethloff.de\/wp-content\/uploads\/2012\/12\/link.png\" alt=\"link\" width=\"16\" height=\"16\" \/><\/a><\/td>\n<\/tr>\n<tr>\n<td style=\"text-align: left;\">BWI GmbH &#8211; internes Event<\/td>\n<td style=\"text-align: left;\">&#8220;Quo Vadis&#8221; Organisationsdesign (2021)<\/td>\n<td style=\"text-align: center;\"><a href=\"http:\/\/blog-conny-dethloff.de\/wp-content\/uploads\/2021\/01\/BWI-Quo-Vadis-Organisationsdesign.pdf\"><img loading=\"lazy\" decoding=\"async\" class=\"size-full wp-image-2135 aligncenter\" src=\"http:\/\/blog-conny-dethloff.de\/wp-content\/uploads\/2012\/12\/link.png\" alt=\"link\" width=\"16\" height=\"16\" \/><\/a><\/td>\n<\/tr>\n<tr>\n<td style=\"text-align: left;\">Lean-Agile-Scrum (LAS) Konferenz<\/td>\n<td style=\"text-align: left;\">Unternehmen NEU denken und gestalten (2021)<\/td>\n<td style=\"text-align: center;\"><a href=\"http:\/\/blog-conny-dethloff.de\/wp-content\/uploads\/2021\/07\/LAS-Unternehmen-NEU-denken.pdf\"><img loading=\"lazy\" decoding=\"async\" class=\"size-full wp-image-2135 aligncenter\" src=\"http:\/\/blog-conny-dethloff.de\/wp-content\/uploads\/2012\/12\/link.png\" alt=\"link\" width=\"16\" height=\"16\" \/><\/a><\/td>\n<\/tr>\n<tr>\n<td style=\"text-align: left;\">Working Products 2021<\/td>\n<td style=\"text-align: left;\">Produktentwicklung: Von der Natur lernen (2021)<\/td>\n<td style=\"text-align: center;\"><a href=\"http:\/\/blog-conny-dethloff.de\/wp-content\/uploads\/2021\/09\/Working-Products-Von-der-Natur-lernen.pdf\"><img loading=\"lazy\" decoding=\"async\" class=\"size-full wp-image-2135 aligncenter\" src=\"http:\/\/blog-conny-dethloff.de\/wp-content\/uploads\/2012\/12\/link.png\" alt=\"link\" width=\"16\" height=\"16\" \/><\/a><\/td>\n<\/tr>\n<tr>\n<td style=\"text-align: left;\">Working Products MONTHLY<\/td>\n<td style=\"text-align: left;\">Transformation geht nur \u00fcber \u00c4nderung von \u00e4u\u00dferen Strukturen (2021)<\/td>\n<td style=\"text-align: center;\"><a href=\"http:\/\/blog-conny-dethloff.de\/wp-content\/uploads\/2021\/10\/Working-Products-MONTHLY-Transformation-geht-nur-u\u0308ber-Strukturen.pdf\"><img loading=\"lazy\" decoding=\"async\" class=\"size-full wp-image-2135 aligncenter\" src=\"http:\/\/blog-conny-dethloff.de\/wp-content\/uploads\/2012\/12\/link.png\" alt=\"link\" width=\"16\" height=\"16\" \/><\/a><\/td>\n<\/tr>\n<tr>\n<td style=\"text-align: left;\">Rotary-Club Bonn-Siegburg<\/td>\n<td style=\"text-align: left;\">Purpose Driven Organisation &#8211; Unternehmen auf Sinnsuche, macht das Sinn? (2022)<\/td>\n<td style=\"text-align: center;\"><a href=\"http:\/\/blog-conny-dethloff.de\/wp-content\/uploads\/2022\/04\/Purpose-Driven-Organisation-Unternehmen-auf-Sinnsuche-macht-das-Sinn.pdf\"><img loading=\"lazy\" decoding=\"async\" class=\"size-full wp-image-2135 aligncenter\" src=\"http:\/\/blog-conny-dethloff.de\/wp-content\/uploads\/2012\/12\/link.png\" alt=\"link\" width=\"16\" height=\"16\" \/><\/a><\/td>\n<\/tr>\n<tr>\n<td style=\"text-align: left;\">Aldi-S\u00fcd: Marketing I\/O Days<\/td>\n<td style=\"text-align: left;\">End-to-End \u2013 what is it about and why does it matter? (2022)<\/td>\n<td style=\"text-align: center;\"><a href=\"http:\/\/blog-conny-dethloff.de\/wp-content\/uploads\/2022\/05\/Aldi-Su\u0308d-Keynote-Marketing-IO-Days.pdf\"><img loading=\"lazy\" decoding=\"async\" class=\"size-full wp-image-2135 aligncenter\" src=\"http:\/\/blog-conny-dethloff.de\/wp-content\/uploads\/2012\/12\/link.png\" alt=\"link\" width=\"16\" height=\"16\" \/><\/a><a href=\"http:\/\/blog-conny-dethloff.de\/wp-content\/uploads\/2022\/05\/Aldi-Su\u0308d-Keynote-Marketing-IO-Days-Manuskript.pdf\"><img loading=\"lazy\" decoding=\"async\" class=\"size-full wp-image-2135 aligncenter\" src=\"http:\/\/blog-conny-dethloff.de\/wp-content\/uploads\/2012\/12\/link.png\" alt=\"link\" width=\"16\" height=\"16\" \/><\/a><\/td>\n<tr>\n<td style=\"text-align: left;\">Scaling Agile Summit 2022<\/td>\n<td style=\"text-align: left;\">Skalierte Hardware-Produktentwicklung &#8211; Ein Erfahrungsbericht von Webasto (2022)<\/td>\n<td style=\"text-align: center;\"><a href=\"http:\/\/blog-conny-dethloff.de\/wp-content\/uploads\/2022\/06\/Scaling-Agile-Summit-2022-Skalierte-Hardware-Produktentwicklung.pdf\"><img loading=\"lazy\" decoding=\"async\" class=\"size-full wp-image-2135 aligncenter\" src=\"http:\/\/blog-conny-dethloff.de\/wp-content\/uploads\/2012\/12\/link.png\" alt=\"link\" width=\"16\" height=\"16\" \/><\/a><\/td>\n<\/tr>\n<tr>\n<td style=\"text-align: left;\">Agile Beyond IT 2023<\/td>\n<td style=\"text-align: left;\">Organisationen in 3 Dimensionen beobachten und designen (2023)<\/td>\n<td style=\"text-align: center;\"><a href=\"https:\/\/blog-conny-dethloff.de\/wp-content\/uploads\/2023\/04\/ABIT2023-Dethloff.pdf\"><img loading=\"lazy\" decoding=\"async\" class=\"size-full wp-image-2135 aligncenter\" src=\"http:\/\/blog-conny-dethloff.de\/wp-content\/uploads\/2012\/12\/link.png\" alt=\"link\" width=\"16\" height=\"16\" \/><\/a><\/td>\n<\/tr>\n<tr>\n<td style=\"text-align: left;\">Interner Impulsvortrag<\/td>\n<td style=\"text-align: left;\">(Agiles) Portfoliomanagement (2023)<\/td>\n<td style=\"text-align: center;\"><a href=\"https:\/\/blog-conny-dethloff.de\/wp-content\/uploads\/2023\/10\/Agiles-Portfoliomanagement.pdf\"><img loading=\"lazy\" decoding=\"async\" class=\"size-full wp-image-2135 aligncenter\" src=\"http:\/\/blog-conny-dethloff.de\/wp-content\/uploads\/2012\/12\/link.png\" alt=\"link\" width=\"16\" height=\"16\" \/><\/a><\/td>\n<\/tr>\n<tr>\n<td style=\"text-align: left;\">Digitale Transformation 2023 in Leipzig<\/td>\n<td style=\"text-align: left;\">Das Webasto-Modell &#8211; Vollgas f\u00fcr die Produktentwicklungsteams (2023)<\/td>\n<td style=\"text-align: center;\"><a href=\"https:\/\/blog-conny-dethloff.de\/wp-content\/uploads\/2023\/11\/Digitale-Transformation-2023-Das-Webasto-Modell-Vollgas-fuer-die-Produktentwicklungsteams.pdf\"><img loading=\"lazy\" decoding=\"async\" class=\"size-full wp-image-2135 aligncenter\" src=\"http:\/\/blog-conny-dethloff.de\/wp-content\/uploads\/2012\/12\/link.png\" alt=\"link\" width=\"16\" height=\"16\" \/><\/a><\/td>\n<\/tr>\n<tr>\n<td style=\"text-align: left;\">Union Investment IT &#8211; Internes Agile Community Event in Hamburg<\/td>\n<td style=\"text-align: left;\">Mehr &#8220;Mensch&#8221; und weniger &#8220;Rolle&#8221; geucht! (2024)<\/td>\n<td style=\"text-align: center;\"><a href=\"https:\/\/blog-conny-dethloff.de\/wp-content\/uploads\/2024\/02\/UIT-Mehr-Mensch-und-weniger-Rolle-gesucht-Conny-Dethloff.pdf\"><img loading=\"lazy\" decoding=\"async\" class=\"size-full wp-image-2135 aligncenter\" src=\"http:\/\/blog-conny-dethloff.de\/wp-content\/uploads\/2012\/12\/link.png\" alt=\"link\" width=\"16\" height=\"16\" \/><\/a><\/td>\n<\/tr>\n<tr>\n<td style=\"text-align: left;\">Siemens &#8211; SDS Broadcast (remote)<\/td>\n<td style=\"text-align: left;\">Better SAFe than sorry (2024)<\/td>\n<td style=\"text-align: center;\"><a href=\"https:\/\/blog-conny-dethloff.de\/wp-content\/uploads\/2024\/04\/Better-SAFe-than-sorry-emergize.pdf\"><img loading=\"lazy\" decoding=\"async\" class=\"size-full wp-image-2135 aligncenter\" src=\"http:\/\/blog-conny-dethloff.de\/wp-content\/uploads\/2012\/12\/link.png\" alt=\"link\" width=\"16\" height=\"16\" \/><\/a><\/td>\n<\/tr>\n<tr>\n<td style=\"text-align: left;\">Smart Paint Factory Workference in Bremen<\/td>\n<td style=\"text-align: left;\">From Silos to Synergy &#8211; Data, AI and Collaboration as disruptive keys to a successful future? (2024)<\/td>\n<td style=\"text-align: center;\"><a href=\"https:\/\/blog-conny-dethloff.de\/wp-content\/uploads\/2024\/06\/Workference-2024-Keynote-Conny-Dethloff.pdf\"><img loading=\"lazy\" decoding=\"async\" class=\"size-full wp-image-2135 aligncenter\" src=\"http:\/\/blog-conny-dethloff.de\/wp-content\/uploads\/2012\/12\/link.png\" alt=\"link\" width=\"16\" height=\"16\" \/><\/a><a href=\"https:\/\/blog-conny-dethloff.de\/wp-content\/uploads\/2024\/06\/Workference-2024-Keynote-Conny-Dethloff-Manuskript.pdf\"><img loading=\"lazy\" decoding=\"async\" class=\"size-full wp-image-2135 aligncenter\" src=\"http:\/\/blog-conny-dethloff.de\/wp-content\/uploads\/2012\/12\/link.png\" alt=\"link\" width=\"16\" height=\"16\" \/><\/a><\/td>\n<\/tr>\n<tr>\n<td style=\"text-align: left;\">tekom Festival 2025 in St. Leon-Rot<\/td>\n<td style=\"text-align: left;\">Warum und wie wir Menschen uns gerade selbst abschaffen &#8211; und wie wir es verhindern k\u00f6nnen (2025)<\/td>\n<td style=\"text-align: center;\"><a href=\"https:\/\/blog-conny-dethloff.de\/wp-content\/uploads\/2025\/05\/Conny-Dethloff-Lesung.pdf\"><img loading=\"lazy\" decoding=\"async\" class=\"size-full wp-image-2135 aligncenter\" src=\"http:\/\/blog-conny-dethloff.de\/wp-content\/uploads\/2012\/12\/link.png\" alt=\"link\" width=\"16\" height=\"16\" \/><\/a><\/td>\n<\/tr>\n<tr>\n<td style=\"text-align: left;\">msg for Banking &#8211; Leadership MeetUp (remote)<\/td>\n<td style=\"text-align: left;\">F\u00fchren &#8211; Das Spiel geht nur zu zweit (2026)<\/td>\n<td style=\"text-align: center;\"><a href=\"https:\/\/blog-conny-dethloff.de\/wp-content\/uploads\/2026\/01\/Fuehrung-Das-Spiel-geht-nur-zu-zweit.pdf\"><img loading=\"lazy\" decoding=\"async\" class=\"size-full wp-image-2135 aligncenter\" src=\"http:\/\/blog-conny-dethloff.de\/wp-content\/uploads\/2012\/12\/link.png\" alt=\"link\" width=\"16\" height=\"16\" \/><\/a><\/td>\n<\/tr>\n<tr>\n<td style=\"text-align: left;\">Online-Kongress &#8220;Lead the Change&#8221; (remote)<\/td>\n<td style=\"text-align: left;\">F\u00fchren &#8211; Das Spiel geht nur zu zweit (2026)<\/td>\n<td style=\"text-align: center;\"><a href=\"https:\/\/blog-conny-dethloff.de\/wp-content\/uploads\/2026\/03\/Fuehrung-Das-Spiel-geht-nur-zu-zweit.pdf\"><img loading=\"lazy\" decoding=\"async\" class=\"size-full wp-image-2135 aligncenter\" src=\"http:\/\/blog-conny-dethloff.de\/wp-content\/uploads\/2012\/12\/link.png\" alt=\"link\" width=\"16\" height=\"16\" \/><\/a><\/td>\n<\/tr>\n<tr>\n<td style=\"text-align: left;\">CX Day Metamo GmbH<\/td>\n<td style=\"text-align: left;\">Evolution organisationaler Denkmodelle: Was Organisationen von Natur lernen k\u00f6nnen (2026)<\/td>\n<td style=\"text-align: center;\"><a href=\"https:\/\/blog-conny-dethloff.de\/wp-content\/uploads\/2026\/04\/Evolution-organisationaler-Denkmodelle.pdf\"><img loading=\"lazy\" decoding=\"async\" class=\"size-full wp-image-2135 aligncenter\" src=\"http:\/\/blog-conny-dethloff.de\/wp-content\/uploads\/2012\/12\/link.png\" alt=\"link\" width=\"16\" height=\"16\" \/><\/a><\/td>\n<\/tr>\n<\/tbody>\n<\/table>\n<span id=\"post-ratings-4111\" class=\"post-ratings\" data-nonce=\"d40d6705ff\"><img decoding=\"async\" id=\"rating_4111_1\" src=\"https:\/\/blog-conny-dethloff.de\/wp-content\/plugins\/wp-postratings\/images\/stars\/rating_on.gif\" alt=\"1 Star\" title=\"1 Star\" onmouseover=\"current_rating(4111, 1, '1 Star');\" onmouseout=\"ratings_off(5, 0, 0);\" onclick=\"rate_post();\" onkeypress=\"rate_post();\" style=\"cursor: pointer; border: 0px;\" \/><img decoding=\"async\" id=\"rating_4111_2\" src=\"https:\/\/blog-conny-dethloff.de\/wp-content\/plugins\/wp-postratings\/images\/stars\/rating_on.gif\" alt=\"2 Stars\" title=\"2 Stars\" onmouseover=\"current_rating(4111, 2, '2 Stars');\" onmouseout=\"ratings_off(5, 0, 0);\" onclick=\"rate_post();\" onkeypress=\"rate_post();\" style=\"cursor: pointer; border: 0px;\" \/><img decoding=\"async\" id=\"rating_4111_3\" src=\"https:\/\/blog-conny-dethloff.de\/wp-content\/plugins\/wp-postratings\/images\/stars\/rating_on.gif\" alt=\"3 Stars\" title=\"3 Stars\" onmouseover=\"current_rating(4111, 3, '3 Stars');\" onmouseout=\"ratings_off(5, 0, 0);\" onclick=\"rate_post();\" onkeypress=\"rate_post();\" style=\"cursor: pointer; border: 0px;\" \/><img decoding=\"async\" id=\"rating_4111_4\" src=\"https:\/\/blog-conny-dethloff.de\/wp-content\/plugins\/wp-postratings\/images\/stars\/rating_on.gif\" alt=\"4 Stars\" title=\"4 Stars\" onmouseover=\"current_rating(4111, 4, '4 Stars');\" onmouseout=\"ratings_off(5, 0, 0);\" onclick=\"rate_post();\" onkeypress=\"rate_post();\" style=\"cursor: pointer; border: 0px;\" \/><img decoding=\"async\" id=\"rating_4111_5\" src=\"https:\/\/blog-conny-dethloff.de\/wp-content\/plugins\/wp-postratings\/images\/stars\/rating_on.gif\" alt=\"5 Stars\" title=\"5 Stars\" onmouseover=\"current_rating(4111, 5, '5 Stars');\" onmouseout=\"ratings_off(5, 0, 0);\" onclick=\"rate_post();\" onkeypress=\"rate_post();\" style=\"cursor: pointer; border: 0px;\" \/> (<strong>9<\/strong> Bewertung(en), Durchschnitt: <strong>5.00<\/strong> von 5)<br \/><span class=\"post-ratings-text\" id=\"ratings_4111_text\"><\/span><\/span><span id=\"post-ratings-4111-loading\" class=\"post-ratings-loading\"><img loading=\"lazy\" decoding=\"async\" src=\"https:\/\/blog-conny-dethloff.de\/wp-content\/plugins\/wp-postratings\/images\/loading.gif\" width=\"16\" height=\"16\" class=\"post-ratings-image\" \/>Loading...<\/span>\n","protected":false},"excerpt":{"rendered":"<p>Hier finden Sie die Vortragsunterlagen meiner Auftritte auf Konferenzen, Kongresse, Workshop etc. Quelle Titel Links Consideo Modeler Camp 2010 Business Intelligence trifft Kybernetik (2010) &#8230; Aufl\u00f6sung der Wolke nach ToC bei Einkaufsprozessen (2009) Universit\u00e4t Rostock Systemisches Denken mit dem Consideo &hellip; <a href=\"https:\/\/blog-conny-dethloff.de\/?page_id=4111\">Continue reading <span class=\"meta-nav\">&rarr;<\/span><\/a><\/p>\n","protected":false},"author":1,"featured_media":0,"parent":4109,"menu_order":0,"comment_status":"closed","ping_status":"closed","template":"","meta":{"footnotes":""},"class_list":["post-4111","page","type-page","status-publish","hentry"],"_links":{"self":[{"href":"https:\/\/blog-conny-dethloff.de\/index.php?rest_route=\/wp\/v2\/pages\/4111","targetHints":{"allow":["GET"]}}],"collection":[{"href":"https:\/\/blog-conny-dethloff.de\/index.php?rest_route=\/wp\/v2\/pages"}],"about":[{"href":"https:\/\/blog-conny-dethloff.de\/index.php?rest_route=\/wp\/v2\/types\/page"}],"author":[{"embeddable":true,"href":"https:\/\/blog-conny-dethloff.de\/index.php?rest_route=\/wp\/v2\/users\/1"}],"replies":[{"embeddable":true,"href":"https:\/\/blog-conny-dethloff.de\/index.php?rest_route=%2Fwp%2Fv2%2Fcomments&post=4111"}],"version-history":[{"count":86,"href":"https:\/\/blog-conny-dethloff.de\/index.php?rest_route=\/wp\/v2\/pages\/4111\/revisions"}],"predecessor-version":[{"id":49117,"href":"https:\/\/blog-conny-dethloff.de\/index.php?rest_route=\/wp\/v2\/pages\/4111\/revisions\/49117"}],"up":[{"embeddable":true,"href":"https:\/\/blog-conny-dethloff.de\/index.php?rest_route=\/wp\/v2\/pages\/4109"}],"wp:attachment":[{"href":"https:\/\/blog-conny-dethloff.de\/index.php?rest_route=%2Fwp%2Fv2%2Fmedia&parent=4111"}],"curies":[{"name":"wp","href":"https:\/\/api.w.org\/{rel}","templated":true}]}}