{"id":4011,"date":"2018-01-14T09:44:21","date_gmt":"2018-01-14T08:44:21","guid":{"rendered":"http:\/\/blog-conny-dethloff.de\/?page_id=4011"},"modified":"2020-02-17T07:11:44","modified_gmt":"2020-02-17T06:11:44","slug":"projekt-zu-komplexitat-und-methoden","status":"publish","type":"page","link":"https:\/\/blog-conny-dethloff.de\/?page_id=4011","title":{"rendered":"Komplexit\u00e4t und Methoden"},"content":{"rendered":"<p>Gegen Ende des Jahres 2017 haben mich <a href=\"https:\/\/twitter.com\/cmdsdude\">Alexander Gerber<\/a> und <a href=\"https:\/\/www.linkedin.com\/in\/bj%C3%B6rn-czybik-15034ba9\/\">Bj\u00f6rn Czybik<\/a> auf Basis meines Beitrages <a href=\"https:\/\/blog-conny-dethloff.de\/?p=3879\">Komplexit\u00e4t und Sprache: Der Versuch einer Definition<\/a> kontaktiert.<\/p>\n<p>Ihre Idee war, eine Diskussion \u00fcber Komplexit\u00e4t sowie Methoden und Werkzeugen, diese handhaben zu k\u00f6nnen, zu starten, welche ich grandios fand. Also legten wir los und es entstand\u00a0eine Diskussionsreihe.<\/p>\n<p>Ich werde hier an diesem Ort die Genese unsere Diskussionen reflektieren. Sie finden stets das Original, also die ungeschnittenen Tonaufnahmen unserer Diskussionen, und die reflektierten Beitr\u00e4ge auf der <a href=\"http:\/\/www.unternehmensdemokraten.de\/blog\/\">Plattform der Unternehmensdemokraten<\/a>.<\/p>\n<p>Derzeit sind wir bei Folge 6 angekommen.<\/p>\n<h2>Teil 1: Ben\u00f6tigen wir neue Werkzeuge f\u00fcr Komplexit\u00e4t?<\/h2>\n<p>In der ersten Folge haben wir uns erst einmal einander dem Thema gen\u00e4hert. Dabei haben wir Themen wie Ceteris Paribus besprochen, also, dass wir beim Probleml\u00f6sen grunds\u00e4tzlich dem Gef\u00fchl erlegen sind, immer genau einen Faktor, den wir als Ursache annehmen,\u00a0betrachten und alle anderen m\u00f6glichen Faktoren als\u00a0konstant\u00a0setzen. Dar\u00fcber sind wir dann schnell zum linearen Ursache-Wirkungsdenken und zur Kausalit\u00e4t \u00fcbergegangen. Auf dieser Basis haben wir dann den Ethischen Imperativ von Heinz von F\u00f6rster sowie unsere mentalen Modelle im Kontext Wahrnehmen und Denken angerissen.<\/p>\n<p>Die von mir reflektieren in Schrift verfassten Erkenntnisse der gesamten Diskussion finden Sie <a href=\"http:\/\/www.unternehmensdemokraten.de\/ein-trialog-benoetigen-wir-neue-werkzeuge-fuer-das-loesen-unserer-heutigen-probleme\/\">hier<\/a>.<\/p>\n<p><iframe loading=\"lazy\" title=\"Trialog zu Komplexit\u00e4t und Methoden - Teil 1 by Conny Dethloff\" width=\"640\" height=\"400\" scrolling=\"no\" frameborder=\"no\" src=\"https:\/\/w.soundcloud.com\/player\/?visual=true&#038;url=https%3A%2F%2Fapi.soundcloud.com%2Ftracks%2F376502054&#038;show_artwork=true&#038;maxheight=960&#038;maxwidth=640\"><\/iframe><\/p>\n<h2>Teil 2: Das up2U Protocol<\/h2>\n<p>Im zweiten Teil haben wir das von Alexander erfundene up2U Protocol intensiv besprochen. In diesem Zuge haben wir dann die Begriffe &#8220;Komplexit\u00e4t&#8221; und &#8220;Kompliziertheit&#8221; definiert und sind dabei auf die Farbenlehre &#8220;rot vs. blau&#8221; von Gerhard Wohland eingegangen. Wir haben ebenfalls das Ph\u00e4nomen besprochen, dass wir Menschen gerne zu Sklaven der von uns erfundenen Methoden mutieren. Wir haben die Methoden Scrum und Wasserfall entmystifiziert und damit auch die gern diskutierten Trennungen ins Reich der Fabeln verbannt. Auch das Thema Kommunikation zwischen Menschen war Teil unserer Diskussion.<\/p>\n<p>Die gesamte Diskussion in Schriftform, von mir reflektiert, finden Sie <a href=\"http:\/\/www.unternehmensdemokraten.de\/trialog-teil-2-das-up2u-protocol\/\">hier<\/a>.<\/p>\n<p><iframe loading=\"lazy\" title=\"Trialog zu Komplexit\u00e4t und Methoden - Teil 2 by Conny Dethloff\" width=\"640\" height=\"400\" scrolling=\"no\" frameborder=\"no\" src=\"https:\/\/w.soundcloud.com\/player\/?visual=true&#038;url=https%3A%2F%2Fapi.soundcloud.com%2Ftracks%2F376502927&#038;show_artwork=true&#038;maxheight=960&#038;maxwidth=640\"><\/iframe><\/p>\n<h2>Teil 3: Natur und Mensch als das Ma\u00df aller Dinge<\/h2>\n<p>Im dritten Teil unserer Diskussion haben wir dann den Blick in die Natur gewagt. Die Hypothese besteht, von Bj\u00f6rn intensiv angestachelt, dass wir zum Handhaben von Komplexit\u00e4t nat\u00fcrliche Werkzeuge ben\u00f6tigen. In diesem Zuge haben wir dann thematisiert, dass wir Menschen \u00fcber die stete Weiterentwicklung der Technologie das Gef\u00fchl f\u00fcr uns selbst und f\u00fcr die Natur verloren haben.<\/p>\n<p>Die von mir reflektieren in Schrift verfassten Erkenntnisse finden Sie <a href=\"http:\/\/www.unternehmensdemokraten.de\/trialog-teil-3-natur-und-mensch-als-das-mass-aller-dinge\/\">hier<\/a>.<\/p>\n<p><iframe loading=\"lazy\" title=\"Trialog zu Komplexit\u00e4t und Methoden - Teil 3 by Conny Dethloff\" width=\"640\" height=\"400\" scrolling=\"no\" frameborder=\"no\" src=\"https:\/\/w.soundcloud.com\/player\/?visual=true&#038;url=https%3A%2F%2Fapi.soundcloud.com%2Ftracks%2F376503740&#038;show_artwork=true&#038;maxheight=960&#038;maxwidth=640\"><\/iframe><\/p>\n<h2>Teil 4: Br\u00fcckenbauer f\u00fcr Komplexit\u00e4t gesucht<\/h2>\n<p>Zwischen Teil 3 und 4 verging dann eine gewisse Zeit. Mir pers\u00f6nlich ging die Natur im Kontext Probleml\u00f6sen nicht aus dem Kopf. Kurz vor Weihnachten 2017 habe ich mit Bj\u00f6rn telefoniert und ihm meine Idee unterbreitet, dass ich an Muster im Kontext des Zusammensetzens von produktiven Teams glaube. Ich glaubte zu diesem Zeitpunkt daran, dass es eine optimale Anzahl an Menschen geben muss, um Teams zu formen. Dieser Glaube hat sich best\u00e4tigt. Die Diskussionen haben Bj\u00f6rn und ich dann hier manifestiert.<\/p>\n<ol>\n<li><a href=\"https:\/\/blog-conny-dethloff.de\/?p=3952\">Danke Bj\u00f6rn \u2013 Oder warum Kommunikation im Team Gl\u00fcckssache ist!<\/a><\/li>\n<li><a href=\"https:\/\/blog-conny-dethloff.de\/?p=3969\">Kommunikation ist Er-, Be-, Ver- und Entsetzung<\/a><\/li>\n<li><a href=\"https:\/\/agilezummitnehmen.wordpress.com\/2018\/01\/05\/danke-conny-oder-was-zellulaeres-wachstum-in-organisationen-mit-der-zahl-5-fibonacci-und-muscheln-zu-tun-hat\/\">Danke Conny oder was zellul\u00e4res Wachstum in Organisationen mit der Zahl 5, Fibonacci und Muscheln zu tun\u00a0hat<\/a><\/li>\n<li><a href=\"https:\/\/agilezummitnehmen.wordpress.com\/2018\/01\/05\/ob-kommunikation-doch-keine-glueckssache-ist-und-sie-naturprinzipien-folgt\/\">Ob Kommunikation doch keine Gl\u00fcckssache ist und sie Naturprinzipien\u00a0folgt?<\/a><\/li>\n<\/ol>\n<p>Darauf aufbauend hat Alexander dann Kontakt zu <a href=\"https:\/\/www.linkedin.com\/in\/thomas-braun-68b98a7\/?locale=de_DE\">Thomas Braun<\/a>\u00a0von der <a href=\"http:\/\/sokratesgroup.com\/\">Sokrates Group<\/a> aufgebaut, den ich auch schon relativ lange \u00fcber das Netz kenne. Auf Basis einiger Gespr\u00e4che haben wir dann Thomas zu unserem vierten Teil unserer Diskussionsrunde eingeladen, der am 12. Januar 2018 stattfand. Die Reflektion dieser 4. Runde ist <a href=\"http:\/\/www.unternehmensdemokraten.de\/trialog-teil-4-denken-zweiter-ordnung\/\">hier zu finden<\/a>.\u00a0Auf der Tonspur k\u00f6nnen\u00a0Sie die komplette Diskussion hier erfahren.<\/p>\n<p><iframe loading=\"lazy\" title=\"Trialog zu Komplexit\u00e4t und Methoden - Teil 4 by Conny Dethloff\" width=\"640\" height=\"400\" scrolling=\"no\" frameborder=\"no\" src=\"https:\/\/w.soundcloud.com\/player\/?visual=true&#038;url=https%3A%2F%2Fapi.soundcloud.com%2Ftracks%2F383348447&#038;show_artwork=true&#038;maxheight=960&#038;maxwidth=640\"><\/iframe><\/p>\n<h2>Teil 5: Das SokratesMapConcept<\/h2>\n<p>Der Teil 5 unserer Reihe fand am 20. April 2018 statt. In dieser Runde hat Thomas Braun sein vor einigen Jahren erfundenes <a href=\"http:\/\/sokratesgroup.com\/\">SokratesMapConcept<\/a> vorgestellt. Mit diesem Konzept kann eine Gruppe von Menschen GEMEINSAM Probleme identifizieren und beschreiben, auf dieser Basis dann GEMEINSAM L\u00f6sungsoptionen definieren und beschreiben, sowie Handlungen GEMEINSAM evaluieren.<\/p>\n<p>Bj\u00f6rn war f\u00fcr diese Folge leider zeitlich verhindert. Daf\u00fcr durften wir einen neuen Teilnehmer begr\u00fc\u00dfen: Armin M\u00f6wes.<\/p>\n<p>Ein Beitrag auf der Plattform der Unternehmensdemokraten ist in Arbeit.<\/p>\n<p><iframe loading=\"lazy\" title=\"Trialog zu Komplexit\u00e4t und Methoden - Teil 5 by Conny Dethloff\" width=\"640\" height=\"400\" scrolling=\"no\" frameborder=\"no\" src=\"https:\/\/w.soundcloud.com\/player\/?visual=true&#038;url=https%3A%2F%2Fapi.soundcloud.com%2Ftracks%2F432507948&#038;show_artwork=true&#038;maxheight=960&#038;maxwidth=640\"><\/iframe><\/p>\n<h2>Teil 6: Was ist eigentlich die ToC?<\/h2>\n<p>Bei diesem 6. Teil, der am 22. Februar 2019 stattfand, war Wolfram M\u00fcller erstmalig zu Gast. Wolfram ist ausgewiesener Experte der Theory of Constraints (ToC). Die Reflektion hat Bj\u00f6rn Czybik in 2 Teile verschriftlicht und ist <a href=\"https:\/\/www.unternehmensdemokraten.de\/trialog-6-die-theory-of-constraints-funktioniert-aber-warum-teil-1\/\">hier<\/a> und <a href=\"https:\/\/unternehmensdemokraten.de\/2020\/02\/10\/trialog-6-die-theory-of-constraints-funktioniert-aber-warum-teil-2\/\">hier<\/a> zu finden.<\/p>\n<p>https:\/\/soundcloud.com\/user-339642624\/trialog-zu-was-ist-eigentlich-die-toc<\/p>\n<h2>Teil 7: Mythos Selbstorganisation<\/h2>\n<p>Am 11.12.2019 war es wieder soweit, der Trialog Teil 7 stand an. Es ging um Selbstorganisation. Wir haben dar\u00fcber diskutiert, was es f\u00fcr erw\u00fcnschte Selbstorganisation braucht. Denn Selbstorganisation zu erzeugen ist nicht das Thema, da sie stets dann entsteht, wenn Menschen miteinander agieren. Die relevante Frage ist, welche Impulse es braucht, um erw\u00fcnschte Selbstorganisation entstehen zu lassen.<\/p>\n<p>Ein sehr gutes Beispiel sind Sportmannschaften. Man kann Muster im Agieren der Teams inlusive ihrer Auswirkungen beobachten, kann diese Muster bewusst herstellen, sie trainieren und im Wettkampf auch immer situativ aufgrund neuer Umwelteinfl\u00fcsse adaptieren.<\/p>\n<p>Die Reflektion von Bj\u00f6rn Czybik in schriftlicher Form ist in Arbeit.<\/p>\n<p>https:\/\/soundcloud.com\/user-339642624\/trialog-7-mythos-selbstorgansation<\/p>\n<h2>Teil 8: Brauchen wir noch Projekte?<\/h2>\n<p>Am 09.01.2020 war es wieder soweit, der Trialog Teil 8 stand an. Es ging um Projekte und damit die Frage, ob diese \u00fcberhaupt noch gebraucht werden und wenn ja wie.<\/p>\n<p>Aufh\u00e4nger dieses Trialogs war <a href=\"https:\/\/blog-conny-dethloff.de\/?p=11532\">mein Beitrag<\/a> zur Blogparade des Projektmagazins &#8220;Brauchen wir noch Grenzen im Projektmanagement?&#8221;, in dem ich die steile These belegt habe, nat\u00fcrlich aus meiner Sicht, dass Projekte in Unternehmen h\u00e4ufig zur Strukturkr\u00fccke verkommen. Daraufhin entbrannte <a href=\"https:\/\/www.linkedin.com\/posts\/conny-dethloff-6b9b0942_projekte-als-strukturkr%C3%BCcke-f%C3%BCr-wertgenerierung-activity-6620179487327834112-jl81\/\">eine Diskussion auf LinkedIn<\/a>, vor allem zwischen Wolfram und mir.<\/p>\n<p>In diesem Trialog haben wir dann diese Diskussion fortgesetzt. Die Reflektion von mir in schriftlicher Form ist in Arbeit.<\/p>\n<p>https:\/\/soundcloud.com\/user-339642624\/trialog-nr-8-brauchen-wir-projekte<\/p>\n<span id=\"post-ratings-4011\" class=\"post-ratings\" data-nonce=\"0fc005236f\"><img decoding=\"async\" id=\"rating_4011_1\" src=\"https:\/\/blog-conny-dethloff.de\/wp-content\/plugins\/wp-postratings\/images\/stars\/rating_on.gif\" alt=\"1 Star\" title=\"1 Star\" onmouseover=\"current_rating(4011, 1, '1 Star');\" onmouseout=\"ratings_off(5, 0, 0);\" onclick=\"rate_post();\" onkeypress=\"rate_post();\" style=\"cursor: pointer; border: 0px;\" \/><img decoding=\"async\" id=\"rating_4011_2\" src=\"https:\/\/blog-conny-dethloff.de\/wp-content\/plugins\/wp-postratings\/images\/stars\/rating_on.gif\" alt=\"2 Stars\" title=\"2 Stars\" onmouseover=\"current_rating(4011, 2, '2 Stars');\" onmouseout=\"ratings_off(5, 0, 0);\" onclick=\"rate_post();\" onkeypress=\"rate_post();\" style=\"cursor: pointer; border: 0px;\" \/><img decoding=\"async\" id=\"rating_4011_3\" src=\"https:\/\/blog-conny-dethloff.de\/wp-content\/plugins\/wp-postratings\/images\/stars\/rating_on.gif\" alt=\"3 Stars\" title=\"3 Stars\" onmouseover=\"current_rating(4011, 3, '3 Stars');\" onmouseout=\"ratings_off(5, 0, 0);\" onclick=\"rate_post();\" onkeypress=\"rate_post();\" style=\"cursor: pointer; border: 0px;\" \/><img decoding=\"async\" id=\"rating_4011_4\" src=\"https:\/\/blog-conny-dethloff.de\/wp-content\/plugins\/wp-postratings\/images\/stars\/rating_on.gif\" alt=\"4 Stars\" title=\"4 Stars\" onmouseover=\"current_rating(4011, 4, '4 Stars');\" onmouseout=\"ratings_off(5, 0, 0);\" onclick=\"rate_post();\" onkeypress=\"rate_post();\" style=\"cursor: pointer; border: 0px;\" \/><img decoding=\"async\" id=\"rating_4011_5\" src=\"https:\/\/blog-conny-dethloff.de\/wp-content\/plugins\/wp-postratings\/images\/stars\/rating_on.gif\" alt=\"5 Stars\" title=\"5 Stars\" onmouseover=\"current_rating(4011, 5, '5 Stars');\" onmouseout=\"ratings_off(5, 0, 0);\" onclick=\"rate_post();\" onkeypress=\"rate_post();\" style=\"cursor: pointer; border: 0px;\" \/> (<strong>4<\/strong> Bewertung(en), Durchschnitt: <strong>5.00<\/strong> von 5)<br \/><span class=\"post-ratings-text\" id=\"ratings_4011_text\"><\/span><\/span><span id=\"post-ratings-4011-loading\" class=\"post-ratings-loading\"><img loading=\"lazy\" decoding=\"async\" src=\"https:\/\/blog-conny-dethloff.de\/wp-content\/plugins\/wp-postratings\/images\/loading.gif\" width=\"16\" height=\"16\" class=\"post-ratings-image\" \/>Loading...<\/span>\n","protected":false},"excerpt":{"rendered":"<p>Gegen Ende des Jahres 2017 haben mich Alexander Gerber und Bj\u00f6rn Czybik auf Basis meines Beitrages Komplexit\u00e4t und Sprache: Der Versuch einer Definition kontaktiert. Ihre Idee war, eine Diskussion \u00fcber Komplexit\u00e4t sowie Methoden und Werkzeugen, diese handhaben zu k\u00f6nnen, zu &hellip; <a href=\"https:\/\/blog-conny-dethloff.de\/?page_id=4011\">Continue reading <span class=\"meta-nav\">&rarr;<\/span><\/a><\/p>\n","protected":false},"author":1,"featured_media":0,"parent":4034,"menu_order":1,"comment_status":"closed","ping_status":"closed","template":"","meta":{"footnotes":""},"class_list":["post-4011","page","type-page","status-publish","hentry"],"_links":{"self":[{"href":"https:\/\/blog-conny-dethloff.de\/index.php?rest_route=\/wp\/v2\/pages\/4011","targetHints":{"allow":["GET"]}}],"collection":[{"href":"https:\/\/blog-conny-dethloff.de\/index.php?rest_route=\/wp\/v2\/pages"}],"about":[{"href":"https:\/\/blog-conny-dethloff.de\/index.php?rest_route=\/wp\/v2\/types\/page"}],"author":[{"embeddable":true,"href":"https:\/\/blog-conny-dethloff.de\/index.php?rest_route=\/wp\/v2\/users\/1"}],"replies":[{"embeddable":true,"href":"https:\/\/blog-conny-dethloff.de\/index.php?rest_route=%2Fwp%2Fv2%2Fcomments&post=4011"}],"version-history":[{"count":38,"href":"https:\/\/blog-conny-dethloff.de\/index.php?rest_route=\/wp\/v2\/pages\/4011\/revisions"}],"predecessor-version":[{"id":29188,"href":"https:\/\/blog-conny-dethloff.de\/index.php?rest_route=\/wp\/v2\/pages\/4011\/revisions\/29188"}],"up":[{"embeddable":true,"href":"https:\/\/blog-conny-dethloff.de\/index.php?rest_route=\/wp\/v2\/pages\/4034"}],"wp:attachment":[{"href":"https:\/\/blog-conny-dethloff.de\/index.php?rest_route=%2Fwp%2Fv2%2Fmedia&parent=4011"}],"curies":[{"name":"wp","href":"https:\/\/api.w.org\/{rel}","templated":true}]}}